{"id":54900,"date":"2021-12-20T10:14:48","date_gmt":"2021-12-20T09:14:48","guid":{"rendered":"https:\/\/www.baranain.es\/?post_type=eventos&#038;p=54900"},"modified":"2021-12-21T08:50:04","modified_gmt":"2021-12-21T07:50:04","slug":"kultura-un-cuento-de-detectives-de-ana-montana","status":"publish","type":"eventos","link":"https:\/\/www.baranain.es\/eu\/eventos\/kultura-un-cuento-de-detectives-de-ana-montana\/","title":{"rendered":"Kultura &#8211; Un cuento de detectives de Ana Monta\u00f1a"},"content":{"rendered":"<p><span style=\"color: #000000\"><em>Antolatzailea: Bara\u00f1aingo Udalaren Kultura Arloa.<\/em><\/span><\/p>\n<p><img loading=\"lazy\" decoding=\"async\" class=\"alignnone wp-image-25830\" src=\"https:\/\/www.baranain.es\/wp-content\/uploads\/2020\/03\/CUL-Logo-Casa-cultura.jpg\" alt=\"\" width=\"112\" height=\"109\" srcset=\"https:\/\/www.baranain.es\/wp-content\/uploads\/2020\/03\/CUL-Logo-Casa-cultura.jpg 1600w, https:\/\/www.baranain.es\/wp-content\/uploads\/2020\/03\/CUL-Logo-Casa-cultura-300x292.jpg 300w, https:\/\/www.baranain.es\/wp-content\/uploads\/2020\/03\/CUL-Logo-Casa-cultura-768x747.jpg 768w, https:\/\/www.baranain.es\/wp-content\/uploads\/2020\/03\/CUL-Logo-Casa-cultura-1024x996.jpg 1024w, https:\/\/www.baranain.es\/wp-content\/uploads\/2020\/03\/CUL-Logo-Casa-cultura-52x50.jpg 52w\" sizes=\"(max-width: 112px) 100vw, 112px\" \/><\/p>\n<p><span style=\"color: #800080\"><strong><em>Iluna Producciones antzerki konpainiarekin.<\/em><\/strong><\/span><\/p>\n<p><span style=\"color: #800080\"><em><strong>Sinopsia: <\/strong><\/em><\/span><\/p>\n<p><span style=\"color: #800080\"><em><strong>Ana Monta\u00f1a 6 urteko Superdetektibea abentura arriskutsuenean murgilduko da:\u00a0<\/strong><\/em><\/span><span style=\"color: #800080\"><em><strong>AITAREN PAZIENTZIA AURKITZEA.<\/strong><\/em><\/span><\/p>\n<p><span style=\"color: #800080\"><em><strong>Gaur goizean, Anaren gela hankaz gora ikustean, deskalabrua gertatu da, aitak pazientzia galdu du. Garai guztietako abenturarik dibertigarri eta arriskutsuenean lagundu nahi al diozu Anari?<\/strong><\/em><\/span><\/p>\n<p><span style=\"color: #800080\"><strong><em>Hizkuntza: Gaztelania.<\/em><\/strong><\/span><\/p>\n<p><span style=\"color: #800080\"><strong><em>Gomendaturiko adina: 3-11 urte bitartekoendako.<\/em><\/strong><\/span><\/p>\n<p><strong>Hartu zure sarrerak hurrengo esteken bidez:<\/strong><\/p>\n<blockquote class=\"wp-embedded-content\" data-secret=\"s3BnVqv1wn\"><p><a href=\"https:\/\/www.auditoriobaranain.com\/eu\/programacion\/un-cuento-de-detectives\/\">UN CUENTO DE DETECTIVES<\/a><\/p><\/blockquote>\n<p><iframe class=\"wp-embedded-content\" sandbox=\"allow-scripts\" security=\"restricted\" style=\"position: absolute; clip: rect(1px, 1px, 1px, 1px);\" title=\"&#8220;UN CUENTO DE DETECTIVES&#8221; &#8212; Auditorio Bara\u00f1ain Auditorioa\" src=\"https:\/\/www.auditoriobaranain.com\/eu\/programacion\/un-cuento-de-detectives\/embed\/#?secret=s3BnVqv1wn\" data-secret=\"s3BnVqv1wn\" width=\"500\" height=\"282\" frameborder=\"0\" marginwidth=\"0\" marginheight=\"0\" scrolling=\"no\"><\/iframe><\/p>\n<ul>\n<li><a href=\"https:\/\/es.patronbase.com\/_AuditorioBaranainEu\/Productions\">https:\/\/es.patronbase.com\/_AuditorioBaranainEu\/Productions<\/a><\/li>\n<\/ul>\n<p><a href=\"https:\/\/www.baranain.es\/wp-content\/uploads\/2021\/12\/CUL-ProgramaNavidadAuditorio2021.png\"><img loading=\"lazy\" decoding=\"async\" class=\"alignnone size-full wp-image-54807\" src=\"https:\/\/www.baranain.es\/wp-content\/uploads\/2021\/12\/CUL-ProgramaNavidadAuditorio2021.png\" alt=\"\" width=\"1518\" height=\"2131\" srcset=\"https:\/\/www.baranain.es\/wp-content\/uploads\/2021\/12\/CUL-ProgramaNavidadAuditorio2021.png 1518w, https:\/\/www.baranain.es\/wp-content\/uploads\/2021\/12\/CUL-ProgramaNavidadAuditorio2021-214x300.png 214w, https:\/\/www.baranain.es\/wp-content\/uploads\/2021\/12\/CUL-ProgramaNavidadAuditorio2021-729x1024.png 729w, https:\/\/www.baranain.es\/wp-content\/uploads\/2021\/12\/CUL-ProgramaNavidadAuditorio2021-768x1078.png 768w, https:\/\/www.baranain.es\/wp-content\/uploads\/2021\/12\/CUL-ProgramaNavidadAuditorio2021-1094x1536.png 1094w, https:\/\/www.baranain.es\/wp-content\/uploads\/2021\/12\/CUL-ProgramaNavidadAuditorio2021-1459x2048.png 1459w, https:\/\/www.baranain.es\/wp-content\/uploads\/2021\/12\/CUL-ProgramaNavidadAuditorio2021-300x421.png 300w, https:\/\/www.baranain.es\/wp-content\/uploads\/2021\/12\/CUL-ProgramaNavidadAuditorio2021-82x115.png 82w\" sizes=\"(max-width: 1518px) 100vw, 1518px\" \/><\/a><\/p>\n","protected":false},"featured_media":54898,"comment_status":"closed","ping_status":"closed","template":"","meta":{"_wpml_word_count":["{\"total\":157,\"to_translate\":{\"eu\":157}}"],"_wpml_media_featured":["1"],"_wpml_media_duplicate":["1"],"event_ext":[""],"event_location":["9865"],"imagenslia":[""],"event_horario":["19:00"],"event_horario_inicio":["19:00"],"event_horario_fin":[""],"fechas":[""],"importe":[""],"inscripcion":[""],"botonve":[""],"botonveu":["https:\/\/es.patronbase.com\/_AuditorioBaranain\/Productions"],"ponente":[""],"autor_o":[""],"nota":[""],"boton1":[""],"boton1u":[""],"dias":[";26-12-2021;"],"event_date":["1640476800"],"event_date1":["1640476800"],"_yoast_wpseo_primary_categoriaeventos":["170"],"_yoast_wpseo_content_score":["90"],"_yoast_wpseo_estimated-reading-time-minutes":["1"],"_oembed_16cc6a800d5e6cdd1e0ff2e9210aa4e0":["<blockquote class=\"wp-embedded-content\" data-secret=\"PE0QxBQf6a\"><a href=\"https:\/\/www.auditoriobaranain.com\/programacion\/un-cuento-de-detectives\/\">UN CUENTO DE DETECTIVES<\/a><\/blockquote><iframe class=\"wp-embedded-content\" sandbox=\"allow-scripts\" security=\"restricted\" style=\"position: absolute; clip: rect(1px, 1px, 1px, 1px);\" title=\"&#8220;UN CUENTO DE DETECTIVES&#8221; &#8212; Auditorio Bara\u00f1ain Auditorioa\" src=\"https:\/\/www.auditoriobaranain.com\/programacion\/un-cuento-de-detectives\/embed\/#?secret=PE0QxBQf6a\" data-secret=\"PE0QxBQf6a\" width=\"600\" height=\"338\" frameborder=\"0\" marginwidth=\"0\" marginheight=\"0\" scrolling=\"no\"><\/iframe>"],"_oembed_time_16cc6a800d5e6cdd1e0ff2e9210aa4e0":["1639991370"],"_thumbnail_id":["54898"],"_edit_lock":["1640073289:19020"],"_oembed_c7d0e1d5052f11b6583398e69f600d80":["<blockquote class=\"wp-embedded-content\" data-secret=\"U38qW0CClW\"><a href=\"https:\/\/www.auditoriobaranain.com\/programacion\/un-cuento-de-detectives\/\">UN CUENTO DE DETECTIVES<\/a><\/blockquote><iframe class=\"wp-embedded-content\" sandbox=\"allow-scripts\" security=\"restricted\" style=\"position: absolute; clip: rect(1px, 1px, 1px, 1px);\" title=\"&#8220;UN CUENTO DE DETECTIVES&#8221; &#8212; Auditorio Bara\u00f1ain Auditorioa\" src=\"https:\/\/www.auditoriobaranain.com\/programacion\/un-cuento-de-detectives\/embed\/#?secret=U38qW0CClW\" data-secret=\"U38qW0CClW\" width=\"600\" height=\"338\" frameborder=\"0\" marginwidth=\"0\" marginheight=\"0\" scrolling=\"no\"><\/iframe>"],"_oembed_time_c7d0e1d5052f11b6583398e69f600d80":["1639991458"],"_edit_last":["19020"],"_last_translation_edit_mode":["native-editor"],"_oembed_3f4d3adadc56b478dd17edc9bb02053f":["<blockquote class=\"wp-embedded-content\" data-secret=\"5gHVCPGI10\"><a href=\"https:\/\/www.auditoriobaranain.com\/eu\/programacion\/un-cuento-de-detectives\/\">UN CUENTO DE DETECTIVES<\/a><\/blockquote><iframe class=\"wp-embedded-content\" sandbox=\"allow-scripts\" security=\"restricted\" style=\"position: absolute; clip: rect(1px, 1px, 1px, 1px);\" title=\"&#8220;UN CUENTO DE DETECTIVES&#8221; &#8212; Auditorio Bara\u00f1ain Auditorioa\" src=\"https:\/\/www.auditoriobaranain.com\/eu\/programacion\/un-cuento-de-detectives\/embed\/#?secret=5gHVCPGI10\" data-secret=\"5gHVCPGI10\" width=\"600\" height=\"338\" frameborder=\"0\" marginwidth=\"0\" marginheight=\"0\" scrolling=\"no\"><\/iframe>"],"_oembed_time_3f4d3adadc56b478dd17edc9bb02053f":["1639991597"],"_oembed_69146d189fda3374101abcbb194bd21b":["<blockquote class=\"wp-embedded-content\" data-secret=\"uB6sFtNtYL\"><a href=\"https:\/\/www.auditoriobaranain.com\/eu\/programacion\/un-cuento-de-detectives\/\">UN CUENTO DE DETECTIVES<\/a><\/blockquote><iframe class=\"wp-embedded-content\" sandbox=\"allow-scripts\" security=\"restricted\" style=\"position: absolute; clip: rect(1px, 1px, 1px, 1px);\" title=\"&#8220;UN CUENTO DE DETECTIVES&#8221; &#8212; Auditorio Bara\u00f1ain Auditorioa\" src=\"https:\/\/www.auditoriobaranain.com\/eu\/programacion\/un-cuento-de-detectives\/embed\/#?secret=uB6sFtNtYL\" data-secret=\"uB6sFtNtYL\" width=\"600\" height=\"338\" frameborder=\"0\" marginwidth=\"0\" marginheight=\"0\" scrolling=\"no\"><\/iframe>"],"_oembed_time_69146d189fda3374101abcbb194bd21b":["1639991631"],"_oembed_7ac5e8efe7632b6425d637d4951e3f6a":["<blockquote class=\"wp-embedded-content\" data-secret=\"s3BnVqv1wn\"><a href=\"https:\/\/www.auditoriobaranain.com\/eu\/programacion\/un-cuento-de-detectives\/\">UN CUENTO DE DETECTIVES<\/a><\/blockquote><iframe class=\"wp-embedded-content\" sandbox=\"allow-scripts\" security=\"restricted\" style=\"position: absolute; clip: rect(1px, 1px, 1px, 1px);\" title=\"&#8220;UN CUENTO DE DETECTIVES&#8221; &#8212; Auditorio Bara\u00f1ain Auditorioa\" src=\"https:\/\/www.auditoriobaranain.com\/eu\/programacion\/un-cuento-de-detectives\/embed\/#?secret=s3BnVqv1wn\" data-secret=\"s3BnVqv1wn\" width=\"500\" height=\"282\" frameborder=\"0\" marginwidth=\"0\" marginheight=\"0\" scrolling=\"no\"><\/iframe>"],"_oembed_time_7ac5e8efe7632b6425d637d4951e3f6a":["1639991631"],"_oembed_94c36e4d88d570ffacffaf7443fbb2df":["<blockquote class=\"wp-embedded-content\" data-secret=\"aBp6zNulWY\"><a href=\"https:\/\/www.auditoriobaranain.com\/programacion\/un-cuento-de-detectives\/\">UN CUENTO DE DETECTIVES<\/a><\/blockquote><iframe class=\"wp-embedded-content\" sandbox=\"allow-scripts\" security=\"restricted\" style=\"position: absolute; clip: rect(1px, 1px, 1px, 1px);\" title=\"&#8220;UN CUENTO DE DETECTIVES&#8221; &#8212; Auditorio Bara\u00f1ain Auditorioa\" src=\"https:\/\/www.auditoriobaranain.com\/programacion\/un-cuento-de-detectives\/embed\/#?secret=aBp6zNulWY\" data-secret=\"aBp6zNulWY\" width=\"500\" height=\"282\" frameborder=\"0\" marginwidth=\"0\" marginheight=\"0\" scrolling=\"no\"><\/iframe>"],"_oembed_time_94c36e4d88d570ffacffaf7443fbb2df":["1640072930"]},"yoast_head":"<!-- This site is optimized with the Yoast SEO plugin v22.3 - https:\/\/yoast.com\/wordpress\/plugins\/seo\/ -->\r\n<title>Kultura - Un cuento de detectives de Ana Monta\u00f1a - Ayuntamiento de Bara\u00f1ain\/Bara\u00f1aingo Udala<\/title>\r\n<meta name=\"robots\" content=\"index, follow, max-snippet:-1, max-image-preview:large, max-video-preview:-1\" \/>\r\n<link rel=\"canonical\" href=\"https:\/\/www.baranain.es\/eu\/eventos\/kultura-un-cuento-de-detectives-de-ana-montana\/\" \/>\r\n<meta property=\"og:locale\" content=\"eu_ES\" \/>\r\n<meta property=\"og:type\" content=\"article\" \/>\r\n<meta property=\"og:title\" content=\"Kultura - Un cuento de detectives de Ana Monta\u00f1a - Ayuntamiento de Bara\u00f1ain\/Bara\u00f1aingo Udala\" \/>\r\n<meta property=\"og:description\" content=\"Antolatzailea: Bara\u00f1aingo Udalaren Kultura Arloa. Iluna Producciones antzerki konpainiarekin. Sinopsia: Ana Monta\u00f1a 6 urteko Superdetektibea abentura arriskutsuenean murgilduko da:\u00a0AITAREN PAZIENTZIA AURKITZEA. Gaur goizean, Anaren gela hankaz gora ikustean, deskalabrua gertatu da, aitak pazientzia galdu du. Garai guztietako abenturarik dibertigarri eta arriskutsuenean lagundu nahi al diozu Anari? Hizkuntza: Gaztelania. Gomendaturiko adina: 3-11 urte bitartekoendako. Hartu zure [&hellip;]\" \/>\r\n<meta property=\"og:url\" content=\"https:\/\/www.baranain.es\/eu\/eventos\/kultura-un-cuento-de-detectives-de-ana-montana\/\" \/>\r\n<meta property=\"og:site_name\" content=\"Ayuntamiento de Bara\u00f1ain\/Bara\u00f1aingo Udala\" \/>\r\n<meta property=\"article:modified_time\" content=\"2021-12-21T07:50:04+00:00\" \/>\r\n<meta property=\"og:image\" content=\"https:\/\/www.baranain.es\/wp-content\/uploads\/2021\/12\/CUL-720x340UnCuentoDetectives.jpg\" \/>\r\n\t<meta property=\"og:image:width\" content=\"720\" \/>\r\n\t<meta property=\"og:image:height\" content=\"340\" \/>\r\n\t<meta property=\"og:image:type\" content=\"image\/jpeg\" \/>\r\n<meta name=\"twitter:card\" content=\"summary_large_image\" \/>\r\n<meta name=\"twitter:label1\" content=\"Est. reading time\" \/>\n\t<meta name=\"twitter:data1\" content=\"1 minute\" \/>\r\n<script type=\"application\/ld+json\" class=\"yoast-schema-graph\">{\"@context\":\"https:\/\/schema.org\",\"@graph\":[{\"@type\":\"WebPage\",\"@id\":\"https:\/\/www.baranain.es\/eu\/eventos\/kultura-un-cuento-de-detectives-de-ana-montana\/\",\"url\":\"https:\/\/www.baranain.es\/eu\/eventos\/kultura-un-cuento-de-detectives-de-ana-montana\/\",\"name\":\"Kultura - Un cuento de detectives de Ana Monta\u00f1a - Ayuntamiento de Bara\u00f1ain\/Bara\u00f1aingo Udala\",\"isPartOf\":{\"@id\":\"https:\/\/www.baranain.es\/eu\/#website\"},\"primaryImageOfPage\":{\"@id\":\"https:\/\/www.baranain.es\/eu\/eventos\/kultura-un-cuento-de-detectives-de-ana-montana\/#primaryimage\"},\"image\":{\"@id\":\"https:\/\/www.baranain.es\/eu\/eventos\/kultura-un-cuento-de-detectives-de-ana-montana\/#primaryimage\"},\"thumbnailUrl\":\"https:\/\/www.baranain.es\/wp-content\/uploads\/2021\/12\/CUL-720x340UnCuentoDetectives.jpg\",\"datePublished\":\"2021-12-20T09:14:48+00:00\",\"dateModified\":\"2021-12-21T07:50:04+00:00\",\"breadcrumb\":{\"@id\":\"https:\/\/www.baranain.es\/eu\/eventos\/kultura-un-cuento-de-detectives-de-ana-montana\/#breadcrumb\"},\"inLanguage\":\"eu-ES\",\"potentialAction\":[{\"@type\":\"ReadAction\",\"target\":[\"https:\/\/www.baranain.es\/eu\/eventos\/kultura-un-cuento-de-detectives-de-ana-montana\/\"]}]},{\"@type\":\"ImageObject\",\"inLanguage\":\"eu-ES\",\"@id\":\"https:\/\/www.baranain.es\/eu\/eventos\/kultura-un-cuento-de-detectives-de-ana-montana\/#primaryimage\",\"url\":\"https:\/\/www.baranain.es\/wp-content\/uploads\/2021\/12\/CUL-720x340UnCuentoDetectives.jpg\",\"contentUrl\":\"https:\/\/www.baranain.es\/wp-content\/uploads\/2021\/12\/CUL-720x340UnCuentoDetectives.jpg\",\"width\":720,\"height\":340},{\"@type\":\"BreadcrumbList\",\"@id\":\"https:\/\/www.baranain.es\/eu\/eventos\/kultura-un-cuento-de-detectives-de-ana-montana\/#breadcrumb\",\"itemListElement\":[{\"@type\":\"ListItem\",\"position\":1,\"name\":\"Home\",\"item\":\"https:\/\/www.baranain.es\/eu\/\"},{\"@type\":\"ListItem\",\"position\":2,\"name\":\"Eventos\",\"item\":\"https:\/\/www.baranain.es\/eventos\/\"},{\"@type\":\"ListItem\",\"position\":3,\"name\":\"Kultura &#8211; Un cuento de detectives de Ana Monta\u00f1a\"}]},{\"@type\":\"WebSite\",\"@id\":\"https:\/\/www.baranain.es\/eu\/#website\",\"url\":\"https:\/\/www.baranain.es\/eu\/\",\"name\":\"Ayuntamiento de Bara\u00f1ain\/Bara\u00f1aingo Udala\",\"description\":\"Ayuntamiento de Bara\u00f1ain\/Bara\u00f1aingo Udala\",\"potentialAction\":[{\"@type\":\"SearchAction\",\"target\":{\"@type\":\"EntryPoint\",\"urlTemplate\":\"https:\/\/www.baranain.es\/eu\/?s={search_term_string}\"},\"query-input\":\"required name=search_term_string\"}],\"inLanguage\":\"eu-ES\"}]}<\/script>\r\n<!-- \/ Yoast SEO plugin. -->","yoast_head_json":{"title":"Kultura - Un cuento de detectives de Ana Monta\u00f1a - Ayuntamiento de Bara\u00f1ain\/Bara\u00f1aingo Udala","robots":{"index":"index","follow":"follow","max-snippet":"max-snippet:-1","max-image-preview":"max-image-preview:large","max-video-preview":"max-video-preview:-1"},"canonical":"https:\/\/www.baranain.es\/eu\/eventos\/kultura-un-cuento-de-detectives-de-ana-montana\/","og_locale":"eu_ES","og_type":"article","og_title":"Kultura - Un cuento de detectives de Ana Monta\u00f1a - Ayuntamiento de Bara\u00f1ain\/Bara\u00f1aingo Udala","og_description":"Antolatzailea: Bara\u00f1aingo Udalaren Kultura Arloa. Iluna Producciones antzerki konpainiarekin. Sinopsia: Ana Monta\u00f1a 6 urteko Superdetektibea abentura arriskutsuenean murgilduko da:\u00a0AITAREN PAZIENTZIA AURKITZEA. Gaur goizean, Anaren gela hankaz gora ikustean, deskalabrua gertatu da, aitak pazientzia galdu du. Garai guztietako abenturarik dibertigarri eta arriskutsuenean lagundu nahi al diozu Anari? Hizkuntza: Gaztelania. Gomendaturiko adina: 3-11 urte bitartekoendako. Hartu zure [&hellip;]","og_url":"https:\/\/www.baranain.es\/eu\/eventos\/kultura-un-cuento-de-detectives-de-ana-montana\/","og_site_name":"Ayuntamiento de Bara\u00f1ain\/Bara\u00f1aingo Udala","article_modified_time":"2021-12-21T07:50:04+00:00","og_image":[{"width":720,"height":340,"url":"https:\/\/www.baranain.es\/wp-content\/uploads\/2021\/12\/CUL-720x340UnCuentoDetectives.jpg","type":"image\/jpeg"}],"twitter_card":"summary_large_image","twitter_misc":{"Est. reading time":"1 minute"},"schema":{"@context":"https:\/\/schema.org","@graph":[{"@type":"WebPage","@id":"https:\/\/www.baranain.es\/eu\/eventos\/kultura-un-cuento-de-detectives-de-ana-montana\/","url":"https:\/\/www.baranain.es\/eu\/eventos\/kultura-un-cuento-de-detectives-de-ana-montana\/","name":"Kultura - Un cuento de detectives de Ana Monta\u00f1a - Ayuntamiento de Bara\u00f1ain\/Bara\u00f1aingo Udala","isPartOf":{"@id":"https:\/\/www.baranain.es\/eu\/#website"},"primaryImageOfPage":{"@id":"https:\/\/www.baranain.es\/eu\/eventos\/kultura-un-cuento-de-detectives-de-ana-montana\/#primaryimage"},"image":{"@id":"https:\/\/www.baranain.es\/eu\/eventos\/kultura-un-cuento-de-detectives-de-ana-montana\/#primaryimage"},"thumbnailUrl":"https:\/\/www.baranain.es\/wp-content\/uploads\/2021\/12\/CUL-720x340UnCuentoDetectives.jpg","datePublished":"2021-12-20T09:14:48+00:00","dateModified":"2021-12-21T07:50:04+00:00","breadcrumb":{"@id":"https:\/\/www.baranain.es\/eu\/eventos\/kultura-un-cuento-de-detectives-de-ana-montana\/#breadcrumb"},"inLanguage":"eu-ES","potentialAction":[{"@type":"ReadAction","target":["https:\/\/www.baranain.es\/eu\/eventos\/kultura-un-cuento-de-detectives-de-ana-montana\/"]}]},{"@type":"ImageObject","inLanguage":"eu-ES","@id":"https:\/\/www.baranain.es\/eu\/eventos\/kultura-un-cuento-de-detectives-de-ana-montana\/#primaryimage","url":"https:\/\/www.baranain.es\/wp-content\/uploads\/2021\/12\/CUL-720x340UnCuentoDetectives.jpg","contentUrl":"https:\/\/www.baranain.es\/wp-content\/uploads\/2021\/12\/CUL-720x340UnCuentoDetectives.jpg","width":720,"height":340},{"@type":"BreadcrumbList","@id":"https:\/\/www.baranain.es\/eu\/eventos\/kultura-un-cuento-de-detectives-de-ana-montana\/#breadcrumb","itemListElement":[{"@type":"ListItem","position":1,"name":"Home","item":"https:\/\/www.baranain.es\/eu\/"},{"@type":"ListItem","position":2,"name":"Eventos","item":"https:\/\/www.baranain.es\/eventos\/"},{"@type":"ListItem","position":3,"name":"Kultura &#8211; Un cuento de detectives de Ana Monta\u00f1a"}]},{"@type":"WebSite","@id":"https:\/\/www.baranain.es\/eu\/#website","url":"https:\/\/www.baranain.es\/eu\/","name":"Ayuntamiento de Bara\u00f1ain\/Bara\u00f1aingo Udala","description":"Ayuntamiento de Bara\u00f1ain\/Bara\u00f1aingo Udala","potentialAction":[{"@type":"SearchAction","target":{"@type":"EntryPoint","urlTemplate":"https:\/\/www.baranain.es\/eu\/?s={search_term_string}"},"query-input":"required name=search_term_string"}],"inLanguage":"eu-ES"}]}},"_links":{"self":[{"href":"https:\/\/www.baranain.es\/eu\/wp-json\/wp\/v2\/eventos\/54900"}],"collection":[{"href":"https:\/\/www.baranain.es\/eu\/wp-json\/wp\/v2\/eventos"}],"about":[{"href":"https:\/\/www.baranain.es\/eu\/wp-json\/wp\/v2\/types\/eventos"}],"replies":[{"embeddable":true,"href":"https:\/\/www.baranain.es\/eu\/wp-json\/wp\/v2\/comments?post=54900"}],"wp:featuredmedia":[{"embeddable":true,"href":"https:\/\/www.baranain.es\/eu\/wp-json\/wp\/v2\/media\/54898"}],"wp:attachment":[{"href":"https:\/\/www.baranain.es\/eu\/wp-json\/wp\/v2\/media?parent=54900"}],"curies":[{"name":"wp","href":"https:\/\/api.w.org\/{rel}","templated":true}]}}