{"id":54056,"date":"2021-11-22T08:57:53","date_gmt":"2021-11-22T07:57:53","guid":{"rendered":"https:\/\/www.baranain.es\/?post_type=eventos&#038;p=54056"},"modified":"2021-11-22T10:23:27","modified_gmt":"2021-11-22T09:23:27","slug":"kultura-esb-bgeren-solasaldia-abenduan-pandemia-ohartarazpenak-ikaskuntzak-eta-erronkak","status":"publish","type":"eventos","link":"https:\/\/www.baranain.es\/eu\/eventos\/kultura-esb-bgeren-solasaldia-abenduan-pandemia-ohartarazpenak-ikaskuntzak-eta-erronkak\/","title":{"rendered":"Kultura &#8211; ESB-BGEren solasaldia abenduan: Pandemia: ohartarazpenak, ikaskuntzak eta erronkak."},"content":{"rendered":"<p><em>Escuela Social de Bara\u00f1\u00e1in-go Gizarte Eskola<\/em> elkarteak azaro eta abendurako hurrengo solasaldiak antolatu ditu Kultura Etxean, iluntzeko 19etan:<\/p>\n<ul>\n<li><span style=\"color: #000000\">Azaroak 24: <em>Aldaketa klimatikoa eta haren gaineko Glasgow hiriko Nazio Batuen Biltzarra.<\/em> Hizlari: Faustino Rodrigo, soziologo.<\/span><\/li>\n<\/ul>\n<ul>\n<li><strong><span style=\"color: #ff0000\">Abenduak 15: <em>Pandemia: ohartarazpenak, ikaskuntzak eta erronkak.<\/em> Hizlari: Guillermo Mugica, teologo eta Gogoa Foroaren sortzaile.<\/span><\/strong><\/li>\n<\/ul>\n<p><img loading=\"lazy\" decoding=\"async\" class=\"size-full wp-image-53906\" src=\"https:\/\/www.baranain.es\/wp-content\/uploads\/2021\/11\/CUL-CharlaLaPandemia-ESB-BGE.jpg\" alt=\"\" width=\"1024\" height=\"819\" srcset=\"https:\/\/www.baranain.es\/wp-content\/uploads\/2021\/11\/CUL-CharlaLaPandemia-ESB-BGE.jpg 1024w, https:\/\/www.baranain.es\/wp-content\/uploads\/2021\/11\/CUL-CharlaLaPandemia-ESB-BGE-300x240.jpg 300w, https:\/\/www.baranain.es\/wp-content\/uploads\/2021\/11\/CUL-CharlaLaPandemia-ESB-BGE-768x614.jpg 768w, https:\/\/www.baranain.es\/wp-content\/uploads\/2021\/11\/CUL-CharlaLaPandemia-ESB-BGE-144x115.jpg 144w\" sizes=\"(max-width: 1024px) 100vw, 1024px\" \/><\/p>\n<p>&nbsp;<\/p>\n<table style=\"border-collapse: collapse;width: 99.7942%;height: 197px\" border=\"1\">\n<tbody>\n<tr>\n<td style=\"width: 50%\">\n<p>Antolatzaile:<\/p>\n<p><img loading=\"lazy\" decoding=\"async\" class=\"alignnone size-full wp-image-53908\" src=\"https:\/\/www.baranain.es\/wp-content\/uploads\/2021\/11\/CUL-logo-esb1.jpg\" alt=\"\" width=\"470\" height=\"221\" srcset=\"https:\/\/www.baranain.es\/wp-content\/uploads\/2021\/11\/CUL-logo-esb1.jpg 470w, https:\/\/www.baranain.es\/wp-content\/uploads\/2021\/11\/CUL-logo-esb1-300x141.jpg 300w, https:\/\/www.baranain.es\/wp-content\/uploads\/2021\/11\/CUL-logo-esb1-245x115.jpg 245w\" sizes=\"(max-width: 470px) 100vw, 470px\" \/><\/td>\n<td style=\"width: 50%\">\n<p>Laguntzaile:<\/p>\n<p><img loading=\"lazy\" decoding=\"async\" class=\"alignnone wp-image-47377\" src=\"https:\/\/www.baranain.es\/wp-content\/uploads\/2019\/10\/LogoBNAytoBaranain.png\" alt=\"\" width=\"78\" height=\"113\" \/> \u00a0<img loading=\"lazy\" decoding=\"async\" class=\"alignnone wp-image-47869\" src=\"https:\/\/www.baranain.es\/wp-content\/uploads\/2020\/03\/CUL-Logo-Casa-cultura.jpg\" alt=\"\" width=\"114\" height=\"110\" srcset=\"https:\/\/www.baranain.es\/wp-content\/uploads\/2020\/03\/CUL-Logo-Casa-cultura.jpg 1600w, https:\/\/www.baranain.es\/wp-content\/uploads\/2020\/03\/CUL-Logo-Casa-cultura-300x292.jpg 300w, https:\/\/www.baranain.es\/wp-content\/uploads\/2020\/03\/CUL-Logo-Casa-cultura-1024x996.jpg 1024w, https:\/\/www.baranain.es\/wp-content\/uploads\/2020\/03\/CUL-Logo-Casa-cultura-768x747.jpg 768w, https:\/\/www.baranain.es\/wp-content\/uploads\/2020\/03\/CUL-Logo-Casa-cultura-1536x1494.jpg 1536w, https:\/\/www.baranain.es\/wp-content\/uploads\/2020\/03\/CUL-Logo-Casa-cultura-118x115.jpg 118w, https:\/\/www.baranain.es\/wp-content\/uploads\/2020\/03\/CUL-Logo-Casa-cultura-52x50.jpg 52w\" sizes=\"(max-width: 114px) 100vw, 114px\" \/><\/td>\n<\/tr>\n<\/tbody>\n<\/table>\n<p>&nbsp;<\/p>\n","protected":false},"featured_media":53900,"comment_status":"closed","ping_status":"closed","template":"","meta":{"_wpml_media_has_media":["1"],"_wpml_word_count":["{\"total\":0,\"to_translate\":{\"eu\":81,\"es\":81}}"],"_wpml_media_featured":["1","1"],"_wpml_media_duplicate":["1","1"],"event_ext":[""],"event_location":["10067"],"imagenslia":[""],"event_horario":["19h"],"event_horario_inicio":["19:00"],"event_horario_fin":[""],"fechas":[""],"importe":[""],"inscripcion":[""],"botonve":[""],"botonveu":[""],"ponente":[""],"autor_o":[""],"nota":[""],"boton1":[""],"boton1u":[""],"_yoast_wpseo_content_score":["90"],"_yoast_wpseo_estimated-reading-time-minutes":[""],"dias":[";15-12-2021;"],"event_date":["1639526400"],"event_date1":["1639526400"],"_yoast_wpseo_primary_categoriaeventos":["192"],"_thumbnail_id":["53900"],"_edit_lock":["1637572886:19020"],"_edit_last":["19020"],"_last_translation_edit_mode":["native-editor"]},"yoast_head":"<!-- This site is optimized with the Yoast SEO plugin v22.3 - https:\/\/yoast.com\/wordpress\/plugins\/seo\/ -->\r\n<title>Kultura - ESB-BGEren solasaldia abenduan: Pandemia: ohartarazpenak, ikaskuntzak eta erronkak. - Ayuntamiento de Bara\u00f1ain\/Bara\u00f1aingo Udala<\/title>\r\n<meta name=\"robots\" content=\"index, follow, max-snippet:-1, max-image-preview:large, max-video-preview:-1\" \/>\r\n<link rel=\"canonical\" href=\"https:\/\/www.baranain.es\/eu\/eventos\/kultura-esb-bgeren-solasaldia-abenduan-pandemia-ohartarazpenak-ikaskuntzak-eta-erronkak\/\" \/>\r\n<meta property=\"og:locale\" content=\"eu_ES\" \/>\r\n<meta property=\"og:type\" content=\"article\" \/>\r\n<meta property=\"og:title\" content=\"Kultura - ESB-BGEren solasaldia abenduan: Pandemia: ohartarazpenak, ikaskuntzak eta erronkak. - Ayuntamiento de Bara\u00f1ain\/Bara\u00f1aingo Udala\" \/>\r\n<meta property=\"og:description\" content=\"Escuela Social de Bara\u00f1\u00e1in-go Gizarte Eskola elkarteak azaro eta abendurako hurrengo solasaldiak antolatu ditu Kultura Etxean, iluntzeko 19etan: Azaroak 24: Aldaketa klimatikoa eta haren gaineko Glasgow hiriko Nazio Batuen Biltzarra. Hizlari: Faustino Rodrigo, soziologo. Abenduak 15: Pandemia: ohartarazpenak, ikaskuntzak eta erronkak. Hizlari: Guillermo Mugica, teologo eta Gogoa Foroaren sortzaile. &nbsp; Antolatzaile: Laguntzaile: \u00a0 &nbsp;\" \/>\r\n<meta property=\"og:url\" content=\"https:\/\/www.baranain.es\/eu\/eventos\/kultura-esb-bgeren-solasaldia-abenduan-pandemia-ohartarazpenak-ikaskuntzak-eta-erronkak\/\" \/>\r\n<meta property=\"og:site_name\" content=\"Ayuntamiento de Bara\u00f1ain\/Bara\u00f1aingo Udala\" \/>\r\n<meta property=\"article:modified_time\" content=\"2021-11-22T09:23:27+00:00\" \/>\r\n<meta property=\"og:image\" content=\"https:\/\/www.baranain.es\/wp-content\/uploads\/2021\/11\/CUL-720x340CharlaCambioClimaticoESB-BGE.jpg\" \/>\r\n\t<meta property=\"og:image:width\" content=\"720\" \/>\r\n\t<meta property=\"og:image:height\" content=\"341\" \/>\r\n\t<meta property=\"og:image:type\" content=\"image\/jpeg\" \/>\r\n<meta name=\"twitter:card\" content=\"summary_large_image\" \/>\r\n<script type=\"application\/ld+json\" class=\"yoast-schema-graph\">{\"@context\":\"https:\/\/schema.org\",\"@graph\":[{\"@type\":\"WebPage\",\"@id\":\"https:\/\/www.baranain.es\/eu\/eventos\/kultura-esb-bgeren-solasaldia-abenduan-pandemia-ohartarazpenak-ikaskuntzak-eta-erronkak\/\",\"url\":\"https:\/\/www.baranain.es\/eu\/eventos\/kultura-esb-bgeren-solasaldia-abenduan-pandemia-ohartarazpenak-ikaskuntzak-eta-erronkak\/\",\"name\":\"Kultura - ESB-BGEren solasaldia abenduan: Pandemia: ohartarazpenak, ikaskuntzak eta erronkak. - Ayuntamiento de Bara\u00f1ain\/Bara\u00f1aingo Udala\",\"isPartOf\":{\"@id\":\"https:\/\/www.baranain.es\/eu\/#website\"},\"primaryImageOfPage\":{\"@id\":\"https:\/\/www.baranain.es\/eu\/eventos\/kultura-esb-bgeren-solasaldia-abenduan-pandemia-ohartarazpenak-ikaskuntzak-eta-erronkak\/#primaryimage\"},\"image\":{\"@id\":\"https:\/\/www.baranain.es\/eu\/eventos\/kultura-esb-bgeren-solasaldia-abenduan-pandemia-ohartarazpenak-ikaskuntzak-eta-erronkak\/#primaryimage\"},\"thumbnailUrl\":\"https:\/\/www.baranain.es\/wp-content\/uploads\/2021\/11\/CUL-720x340CharlaCambioClimaticoESB-BGE.jpg\",\"datePublished\":\"2021-11-22T07:57:53+00:00\",\"dateModified\":\"2021-11-22T09:23:27+00:00\",\"breadcrumb\":{\"@id\":\"https:\/\/www.baranain.es\/eu\/eventos\/kultura-esb-bgeren-solasaldia-abenduan-pandemia-ohartarazpenak-ikaskuntzak-eta-erronkak\/#breadcrumb\"},\"inLanguage\":\"eu-ES\",\"potentialAction\":[{\"@type\":\"ReadAction\",\"target\":[\"https:\/\/www.baranain.es\/eu\/eventos\/kultura-esb-bgeren-solasaldia-abenduan-pandemia-ohartarazpenak-ikaskuntzak-eta-erronkak\/\"]}]},{\"@type\":\"ImageObject\",\"inLanguage\":\"eu-ES\",\"@id\":\"https:\/\/www.baranain.es\/eu\/eventos\/kultura-esb-bgeren-solasaldia-abenduan-pandemia-ohartarazpenak-ikaskuntzak-eta-erronkak\/#primaryimage\",\"url\":\"https:\/\/www.baranain.es\/wp-content\/uploads\/2021\/11\/CUL-720x340CharlaCambioClimaticoESB-BGE.jpg\",\"contentUrl\":\"https:\/\/www.baranain.es\/wp-content\/uploads\/2021\/11\/CUL-720x340CharlaCambioClimaticoESB-BGE.jpg\",\"width\":720,\"height\":341},{\"@type\":\"BreadcrumbList\",\"@id\":\"https:\/\/www.baranain.es\/eu\/eventos\/kultura-esb-bgeren-solasaldia-abenduan-pandemia-ohartarazpenak-ikaskuntzak-eta-erronkak\/#breadcrumb\",\"itemListElement\":[{\"@type\":\"ListItem\",\"position\":1,\"name\":\"Home\",\"item\":\"https:\/\/www.baranain.es\/eu\/\"},{\"@type\":\"ListItem\",\"position\":2,\"name\":\"Eventos\",\"item\":\"https:\/\/www.baranain.es\/eventos\/\"},{\"@type\":\"ListItem\",\"position\":3,\"name\":\"Kultura &#8211; ESB-BGEren solasaldia abenduan: Pandemia: ohartarazpenak, ikaskuntzak eta erronkak.\"}]},{\"@type\":\"WebSite\",\"@id\":\"https:\/\/www.baranain.es\/eu\/#website\",\"url\":\"https:\/\/www.baranain.es\/eu\/\",\"name\":\"Ayuntamiento de Bara\u00f1ain\/Bara\u00f1aingo Udala\",\"description\":\"Ayuntamiento de Bara\u00f1ain\/Bara\u00f1aingo Udala\",\"potentialAction\":[{\"@type\":\"SearchAction\",\"target\":{\"@type\":\"EntryPoint\",\"urlTemplate\":\"https:\/\/www.baranain.es\/eu\/?s={search_term_string}\"},\"query-input\":\"required name=search_term_string\"}],\"inLanguage\":\"eu-ES\"}]}<\/script>\r\n<!-- \/ Yoast SEO plugin. -->","yoast_head_json":{"title":"Kultura - ESB-BGEren solasaldia abenduan: Pandemia: ohartarazpenak, ikaskuntzak eta erronkak. - Ayuntamiento de Bara\u00f1ain\/Bara\u00f1aingo Udala","robots":{"index":"index","follow":"follow","max-snippet":"max-snippet:-1","max-image-preview":"max-image-preview:large","max-video-preview":"max-video-preview:-1"},"canonical":"https:\/\/www.baranain.es\/eu\/eventos\/kultura-esb-bgeren-solasaldia-abenduan-pandemia-ohartarazpenak-ikaskuntzak-eta-erronkak\/","og_locale":"eu_ES","og_type":"article","og_title":"Kultura - ESB-BGEren solasaldia abenduan: Pandemia: ohartarazpenak, ikaskuntzak eta erronkak. - Ayuntamiento de Bara\u00f1ain\/Bara\u00f1aingo Udala","og_description":"Escuela Social de Bara\u00f1\u00e1in-go Gizarte Eskola elkarteak azaro eta abendurako hurrengo solasaldiak antolatu ditu Kultura Etxean, iluntzeko 19etan: Azaroak 24: Aldaketa klimatikoa eta haren gaineko Glasgow hiriko Nazio Batuen Biltzarra. Hizlari: Faustino Rodrigo, soziologo. Abenduak 15: Pandemia: ohartarazpenak, ikaskuntzak eta erronkak. Hizlari: Guillermo Mugica, teologo eta Gogoa Foroaren sortzaile. &nbsp; Antolatzaile: Laguntzaile: \u00a0 &nbsp;","og_url":"https:\/\/www.baranain.es\/eu\/eventos\/kultura-esb-bgeren-solasaldia-abenduan-pandemia-ohartarazpenak-ikaskuntzak-eta-erronkak\/","og_site_name":"Ayuntamiento de Bara\u00f1ain\/Bara\u00f1aingo Udala","article_modified_time":"2021-11-22T09:23:27+00:00","og_image":[{"width":720,"height":341,"url":"https:\/\/www.baranain.es\/wp-content\/uploads\/2021\/11\/CUL-720x340CharlaCambioClimaticoESB-BGE.jpg","type":"image\/jpeg"}],"twitter_card":"summary_large_image","schema":{"@context":"https:\/\/schema.org","@graph":[{"@type":"WebPage","@id":"https:\/\/www.baranain.es\/eu\/eventos\/kultura-esb-bgeren-solasaldia-abenduan-pandemia-ohartarazpenak-ikaskuntzak-eta-erronkak\/","url":"https:\/\/www.baranain.es\/eu\/eventos\/kultura-esb-bgeren-solasaldia-abenduan-pandemia-ohartarazpenak-ikaskuntzak-eta-erronkak\/","name":"Kultura - ESB-BGEren solasaldia abenduan: Pandemia: ohartarazpenak, ikaskuntzak eta erronkak. - Ayuntamiento de Bara\u00f1ain\/Bara\u00f1aingo Udala","isPartOf":{"@id":"https:\/\/www.baranain.es\/eu\/#website"},"primaryImageOfPage":{"@id":"https:\/\/www.baranain.es\/eu\/eventos\/kultura-esb-bgeren-solasaldia-abenduan-pandemia-ohartarazpenak-ikaskuntzak-eta-erronkak\/#primaryimage"},"image":{"@id":"https:\/\/www.baranain.es\/eu\/eventos\/kultura-esb-bgeren-solasaldia-abenduan-pandemia-ohartarazpenak-ikaskuntzak-eta-erronkak\/#primaryimage"},"thumbnailUrl":"https:\/\/www.baranain.es\/wp-content\/uploads\/2021\/11\/CUL-720x340CharlaCambioClimaticoESB-BGE.jpg","datePublished":"2021-11-22T07:57:53+00:00","dateModified":"2021-11-22T09:23:27+00:00","breadcrumb":{"@id":"https:\/\/www.baranain.es\/eu\/eventos\/kultura-esb-bgeren-solasaldia-abenduan-pandemia-ohartarazpenak-ikaskuntzak-eta-erronkak\/#breadcrumb"},"inLanguage":"eu-ES","potentialAction":[{"@type":"ReadAction","target":["https:\/\/www.baranain.es\/eu\/eventos\/kultura-esb-bgeren-solasaldia-abenduan-pandemia-ohartarazpenak-ikaskuntzak-eta-erronkak\/"]}]},{"@type":"ImageObject","inLanguage":"eu-ES","@id":"https:\/\/www.baranain.es\/eu\/eventos\/kultura-esb-bgeren-solasaldia-abenduan-pandemia-ohartarazpenak-ikaskuntzak-eta-erronkak\/#primaryimage","url":"https:\/\/www.baranain.es\/wp-content\/uploads\/2021\/11\/CUL-720x340CharlaCambioClimaticoESB-BGE.jpg","contentUrl":"https:\/\/www.baranain.es\/wp-content\/uploads\/2021\/11\/CUL-720x340CharlaCambioClimaticoESB-BGE.jpg","width":720,"height":341},{"@type":"BreadcrumbList","@id":"https:\/\/www.baranain.es\/eu\/eventos\/kultura-esb-bgeren-solasaldia-abenduan-pandemia-ohartarazpenak-ikaskuntzak-eta-erronkak\/#breadcrumb","itemListElement":[{"@type":"ListItem","position":1,"name":"Home","item":"https:\/\/www.baranain.es\/eu\/"},{"@type":"ListItem","position":2,"name":"Eventos","item":"https:\/\/www.baranain.es\/eventos\/"},{"@type":"ListItem","position":3,"name":"Kultura &#8211; ESB-BGEren solasaldia abenduan: Pandemia: ohartarazpenak, ikaskuntzak eta erronkak."}]},{"@type":"WebSite","@id":"https:\/\/www.baranain.es\/eu\/#website","url":"https:\/\/www.baranain.es\/eu\/","name":"Ayuntamiento de Bara\u00f1ain\/Bara\u00f1aingo Udala","description":"Ayuntamiento de Bara\u00f1ain\/Bara\u00f1aingo Udala","potentialAction":[{"@type":"SearchAction","target":{"@type":"EntryPoint","urlTemplate":"https:\/\/www.baranain.es\/eu\/?s={search_term_string}"},"query-input":"required name=search_term_string"}],"inLanguage":"eu-ES"}]}},"_links":{"self":[{"href":"https:\/\/www.baranain.es\/eu\/wp-json\/wp\/v2\/eventos\/54056"}],"collection":[{"href":"https:\/\/www.baranain.es\/eu\/wp-json\/wp\/v2\/eventos"}],"about":[{"href":"https:\/\/www.baranain.es\/eu\/wp-json\/wp\/v2\/types\/eventos"}],"replies":[{"embeddable":true,"href":"https:\/\/www.baranain.es\/eu\/wp-json\/wp\/v2\/comments?post=54056"}],"wp:featuredmedia":[{"embeddable":true,"href":"https:\/\/www.baranain.es\/eu\/wp-json\/wp\/v2\/media\/53900"}],"wp:attachment":[{"href":"https:\/\/www.baranain.es\/eu\/wp-json\/wp\/v2\/media?parent=54056"}],"curies":[{"name":"wp","href":"https:\/\/api.w.org\/{rel}","templated":true}]}}