{"id":51366,"date":"2021-07-19T12:19:20","date_gmt":"2021-07-19T11:19:20","guid":{"rendered":"https:\/\/www.baranain.es\/eventos\/cultura-campana-inscripciones-septiembre-cursos-casa-de-cultura-2\/"},"modified":"2021-07-29T21:13:54","modified_gmt":"2021-07-29T20:13:54","slug":"cultura-campana-inscripciones-septiembre-cursos-bibliotecamarialuisaelio","status":"publish","type":"eventos","link":"https:\/\/www.baranain.es\/eu\/eventos\/cultura-campana-inscripciones-septiembre-cursos-bibliotecamarialuisaelio\/","title":{"rendered":"M\u00aa Luisa Elio Liburutegia &#8211; Izen-emate kanpaina IRAILA &#8220;Aukeran&#8221; ikastaroak"},"content":{"rendered":"<h2><span style=\"color: #ff99cc\"><strong>Ikastaroen gaineko argibideak: &#8220;Aukeran&#8221; M\u00aa Luisa Elio liburutegia (Harremanetarako: 948 28 66 28)<\/strong><\/span><\/h2>\n<p><strong>IZEN-EMATEAK 1. LAUHILEKOA:<\/strong><\/p>\n<ul>\n<li><span style=\"color: #ff99cc\"><span style=\"color: #808080\">012ra deia (8-18 h, astelehenetik ostiralera) &#8211; ERROLDATUEK:<\/span> <strong>irailaren 2tik 7ra.<\/strong><\/span><\/li>\n<li><span style=\"color: #ff99cc\"><span style=\"color: #808080\">012ra deia (8-18 h, astelehenetik ostiralera)<\/span> <span style=\"color: #808080\">&#8211; Interesadun orok:<\/span> <strong>irailaren 8an.<\/strong><\/span><\/li>\n<li><span style=\"color: #ff99cc\"><span style=\"color: #808080\">HAB bertaratuta (8:30-14 h, astelehenetik ostiralera) &#8211; Interesadun orok:<\/span> <strong>irailaren 13 eta 14an.<\/strong><\/span><\/li>\n<\/ul>\n<h2><strong>IKASTARO EGITARAUA<\/strong><\/h2>\n<ul>\n<li><span style=\"color: #ff99cc\"><strong>Adimen emozionala krisi garaian<\/strong><\/span><span style=\"color: #808080\">, Paula Fuentes Cantero psikologoarekin. Egunak: urriak 5, 7, 14, 19 eta 21, 18etatik 20etara.<\/span><\/li>\n<li><span style=\"color: #ff99cc\"><strong>Etxeko bideoak editatzea<\/strong><\/span><span style=\"color: #808080\">,Luis Azanza-rekin. Egunak: urriak 4, 6, 11, 13 eta 18, 09:30etik 11:30era.<\/span><\/li>\n<li><span style=\"color: #ff99cc\"><strong>Eleberri tailerra<\/strong><\/span><span style=\"color: #808080\">, Ignacio Lloret idazlearekin. Egunak: azaroak 2, 9, 16, 23 eta 30, 18etatik 20etara.<\/span><\/li>\n<\/ul>\n<h2><strong> <img loading=\"lazy\" decoding=\"async\" class=\"alignnone wp-image-51356 alignleft\" src=\"https:\/\/www.baranain.es\/wp-content\/uploads\/2021\/05\/escudo_n.png\" alt=\"\" width=\"113\" height=\"166\" srcset=\"https:\/\/www.baranain.es\/wp-content\/uploads\/2021\/05\/escudo_n.png 681w, https:\/\/www.baranain.es\/wp-content\/uploads\/2021\/05\/escudo_n-204x300.png 204w, https:\/\/www.baranain.es\/wp-content\/uploads\/2021\/05\/escudo_n-300x441.png 300w\" sizes=\"(max-width: 113px) 100vw, 113px\" \/>\u00a0<\/strong>\u00a0<img loading=\"lazy\" decoding=\"async\" class=\"alignnone wp-image-46637\" src=\"https:\/\/www.baranain.es\/wp-content\/uploads\/2019\/08\/Biblioteca-720x340.png\" alt=\"\" width=\"527\" height=\"249\" srcset=\"https:\/\/www.baranain.es\/wp-content\/uploads\/2019\/08\/Biblioteca-720x340.png 720w, https:\/\/www.baranain.es\/wp-content\/uploads\/2019\/08\/Biblioteca-720x340-300x142.png 300w, https:\/\/www.baranain.es\/wp-content\/uploads\/2019\/08\/Biblioteca-720x340-244x115.png 244w\" sizes=\"(max-width: 527px) 100vw, 527px\" \/><\/h2>\n<h3 style=\"text-align: center\"><span style=\"color: #ff99cc\"><strong>Ikastaro bakoitzaren prezioa: 40\u20ac erroldatuek eta 50\u20ac ez erroldatuek.<\/strong><\/span><\/h3>\n<h3 style=\"text-align: center\"><span style=\"color: #808080\"><strong>Ikastaro guztiak M\u00aa Luisa Elio liburutegian eskainiko dira (Lurgorri 12-14).<\/strong><\/span><\/h3>\n<p>Ikastaroen informazio-fitxak, eskuragai baita ere M\u00aa Luisa Elio liburutegian eta Udaletxeko Herritarren Arretarako bulegoan:<\/p>\n<ul>\n<li><a href=\"https:\/\/www.baranain.es\/wp-content\/uploads\/2021\/07\/CUL-FichaBiblioteca-INTELIGENCIA-EMOCIONAL-EN-TIEMPOS-DE-CRISIS.pdf\">Inteligencia emocional\/Adimen emozionala<\/a><\/li>\n<li><a href=\"https:\/\/www.baranain.es\/wp-content\/uploads\/2021\/07\/CUL-FichaBiblioteca-EDICION-VIDEOS.pdf\">Edici\u00f3n v\u00eddeos\/Bideo editatzea<\/a><\/li>\n<li><a href=\"https:\/\/www.baranain.es\/wp-content\/uploads\/2021\/07\/CUL-FichaBiblioteca-TALLER-NOVELA.pdf\">Taller de novela\/Nobela tailerra<\/a><\/li>\n<\/ul>\n","protected":false},"featured_media":51363,"comment_status":"closed","ping_status":"closed","template":"","meta":{"_wpml_media_has_media":["1"],"_wpml_word_count":["{\"total\":0,\"to_translate\":{\"eu\":200,\"es\":200}}"],"_oembed_87a9ddd1b2355a02d77349fa44b016eb":["<iframe title=\"ABOMINABLE - Tr\u00e1iler 1 (Universal Pictures) - HD\" width=\"500\" height=\"281\" src=\"https:\/\/www.youtube.com\/embed\/PRrO7RJWYXU?feature=oembed\" frameborder=\"0\" allow=\"accelerometer; autoplay; clipboard-write; encrypted-media; gyroscope; picture-in-picture\" allowfullscreen><\/iframe>"],"_oembed_time_87a9ddd1b2355a02d77349fa44b016eb":["1626089886"],"_oembed_23ac99d3d399ddc97acdfe93b373a417":["<iframe title=\"ASTERIX: EDABE MAGIKOAREN SEKRETUA - FILMAREN TRAILERRA\" width=\"500\" height=\"281\" src=\"https:\/\/www.youtube.com\/embed\/CGBxpGM3QIM?feature=oembed\" frameborder=\"0\" allow=\"accelerometer; autoplay; clipboard-write; encrypted-media; gyroscope; picture-in-picture\" allowfullscreen><\/iframe>"],"_oembed_time_23ac99d3d399ddc97acdfe93b373a417":["1626089176"],"_yoast_wpseo_primary_categoriaeventos":["176"],"botonve":[""],"botonveu":[""],"_yoast_wpseo_content_score":["60"],"_yoast_wpseo_estimated-reading-time-minutes":["2"],"_last_translation_edit_mode":["native-editor"],"_oembed_28dc3121e097e68c81c35eeb2cb3ce16":["<iframe title=\"Abuelos - Trailer (HD)\" width=\"1379\" height=\"776\" src=\"https:\/\/www.youtube.com\/embed\/kyFs0thUfpQ?feature=oembed\" frameborder=\"0\" allow=\"accelerometer; autoplay; clipboard-write; encrypted-media; gyroscope; picture-in-picture\" allowfullscreen><\/iframe>"],"_oembed_time_28dc3121e097e68c81c35eeb2cb3ce16":["1626080272"],"_oembed_34237c76e4308f030c997458035de29c":["<iframe title=\"Abuelos - Trailer (HD)\" width=\"500\" height=\"281\" src=\"https:\/\/www.youtube.com\/embed\/kyFs0thUfpQ?feature=oembed\" frameborder=\"0\" allow=\"accelerometer; autoplay; clipboard-write; encrypted-media; gyroscope; picture-in-picture\" allowfullscreen><\/iframe>"],"_oembed_time_34237c76e4308f030c997458035de29c":["1626080292"],"_oembed_cf554308413aff0126e2483c2d21b307":["<iframe title=\"Abuelos - Trailer (HD)\" width=\"1383\" height=\"778\" src=\"https:\/\/www.youtube.com\/embed\/kyFs0thUfpQ?feature=oembed\" frameborder=\"0\" allow=\"accelerometer; autoplay; clipboard-write; encrypted-media; gyroscope; picture-in-picture\" allowfullscreen><\/iframe>"],"_oembed_time_cf554308413aff0126e2483c2d21b307":["1626080300"],"_oembed_0e6c14be9ceaff82d6656e177f049821":["<iframe title=\"ASTERIX: EDABE MAGIKOAREN SEKRETUA - FILMAREN TRAILERRA\" width=\"1379\" height=\"776\" src=\"https:\/\/www.youtube.com\/embed\/CGBxpGM3QIM?feature=oembed\" frameborder=\"0\" allow=\"accelerometer; autoplay; clipboard-write; encrypted-media; gyroscope; picture-in-picture\" allowfullscreen><\/iframe>"],"_oembed_time_0e6c14be9ceaff82d6656e177f049821":["1626088934"],"_oembed_39d0e16f60a1985c9bc29ad88e221fae":["<iframe title=\"ASTERIX: EDABE MAGIKOAREN SEKRETUA - FILMAREN TRAILERRA\" width=\"1383\" height=\"778\" src=\"https:\/\/www.youtube.com\/embed\/CGBxpGM3QIM?feature=oembed\" frameborder=\"0\" allow=\"accelerometer; autoplay; clipboard-write; encrypted-media; gyroscope; picture-in-picture\" allowfullscreen><\/iframe>"],"_oembed_time_39d0e16f60a1985c9bc29ad88e221fae":["1626088947"],"_oembed_7e6eb3f9a5f368a3ec13d65051fff8cb":["<iframe title=\"ABOMINABLE - Tr\u00e1iler 1 (Universal Pictures) - HD\" width=\"1379\" height=\"776\" src=\"https:\/\/www.youtube.com\/embed\/PRrO7RJWYXU?feature=oembed\" frameborder=\"0\" allow=\"accelerometer; autoplay; clipboard-write; encrypted-media; gyroscope; picture-in-picture\" allowfullscreen><\/iframe>"],"_oembed_time_7e6eb3f9a5f368a3ec13d65051fff8cb":["1626089625"],"_oembed_53b1e3ffd3610cd7e2ddecced57127f1":["<iframe title=\"ABOMINABLE - Tr\u00e1iler 1 (Universal Pictures) - HD\" width=\"1383\" height=\"778\" src=\"https:\/\/www.youtube.com\/embed\/PRrO7RJWYXU?feature=oembed\" frameborder=\"0\" allow=\"accelerometer; autoplay; clipboard-write; encrypted-media; gyroscope; picture-in-picture\" allowfullscreen><\/iframe>"],"_oembed_time_53b1e3ffd3610cd7e2ddecced57127f1":["1626089639"],"_oembed_889452cc45bccd0d7693b30ced59966a":["<iframe title=\"Volando Juntos Trailer Oficial Espa\u00f1ol (2020)\" width=\"1379\" height=\"776\" src=\"https:\/\/www.youtube.com\/embed\/wTwk8sqlFMo?feature=oembed\" frameborder=\"0\" allow=\"accelerometer; autoplay; clipboard-write; encrypted-media; gyroscope; picture-in-picture\" allowfullscreen><\/iframe>"],"_oembed_time_889452cc45bccd0d7693b30ced59966a":["1626090495"],"_oembed_33c74189bbe1884ec8691ed476a0401f":["<iframe title=\"Volando Juntos Trailer Oficial Espa\u00f1ol (2020)\" width=\"500\" height=\"281\" src=\"https:\/\/www.youtube.com\/embed\/wTwk8sqlFMo?feature=oembed\" frameborder=\"0\" allow=\"accelerometer; autoplay; clipboard-write; encrypted-media; gyroscope; picture-in-picture\" allowfullscreen><\/iframe>"],"_oembed_time_33c74189bbe1884ec8691ed476a0401f":["1626090503"],"_oembed_d890108fecf6ece5bc204fe1a5cc34e3":["<iframe title=\"Volando Juntos Trailer Oficial Espa\u00f1ol (2020)\" width=\"1383\" height=\"778\" src=\"https:\/\/www.youtube.com\/embed\/wTwk8sqlFMo?feature=oembed\" frameborder=\"0\" allow=\"accelerometer; autoplay; clipboard-write; encrypted-media; gyroscope; picture-in-picture\" allowfullscreen><\/iframe>"],"_oembed_time_d890108fecf6ece5bc204fe1a5cc34e3":["1626090510"],"_thumbnail_id":["51363"],"_wpml_media_featured":["1","1","1","1","1","1","1","1","1","1","1","1","1","1","1"],"_wpml_media_duplicate":["1","1","1","1","1","1","1","1","1","1","1","1","1","1","1"],"event_ext":[""],"imagenslia":[""],"event_horario":[""],"event_horario_inicio":[""],"event_horario_fin":[""],"fechas":[""],"importe":[""],"inscripcion":[""],"ponente":[""],"autor_o":[""],"nota":[""],"boton1":[""],"boton1u":[""],"event_date1":["1631577600"],"dias":[";02-9-2021;14-9-2021;"],"event_date":["1630540800"],"event_location":[""],"_yoast_wpseo_metadesc":["Cine al aire libre en Bara\u00f1\u00e1in 2021\/Aire zabaleko zinema Bara\u00f1ainen 2021"],"_edit_lock":["1627589508:19020"],"_edit_last":["19020"],"_wp_old_slug":["cultura-campana-inscripciones-septiembre-cursos-casa-de-cultura-2"]},"yoast_head":"<!-- This site is optimized with the Yoast SEO plugin v22.3 - https:\/\/yoast.com\/wordpress\/plugins\/seo\/ -->\r\n<title>M\u00aa Luisa Elio Liburutegia - Izen-emate kanpaina IRAILA &quot;Aukeran&quot; ikastaroak - Ayuntamiento de Bara\u00f1ain\/Bara\u00f1aingo Udala<\/title>\r\n<meta name=\"description\" content=\"Cine al aire libre en Bara\u00f1\u00e1in 2021\/Aire zabaleko zinema Bara\u00f1ainen 2021\" \/>\r\n<meta name=\"robots\" content=\"index, follow, max-snippet:-1, max-image-preview:large, max-video-preview:-1\" \/>\r\n<link rel=\"canonical\" href=\"https:\/\/www.baranain.es\/eu\/eventos\/cultura-campana-inscripciones-septiembre-cursos-bibliotecamarialuisaelio\/\" \/>\r\n<meta property=\"og:locale\" content=\"eu_ES\" \/>\r\n<meta property=\"og:type\" content=\"article\" \/>\r\n<meta property=\"og:title\" content=\"M\u00aa Luisa Elio Liburutegia - Izen-emate kanpaina IRAILA &quot;Aukeran&quot; ikastaroak - Ayuntamiento de Bara\u00f1ain\/Bara\u00f1aingo Udala\" \/>\r\n<meta property=\"og:description\" content=\"Cine al aire libre en Bara\u00f1\u00e1in 2021\/Aire zabaleko zinema Bara\u00f1ainen 2021\" \/>\r\n<meta property=\"og:url\" content=\"https:\/\/www.baranain.es\/eu\/eventos\/cultura-campana-inscripciones-septiembre-cursos-bibliotecamarialuisaelio\/\" \/>\r\n<meta property=\"og:site_name\" content=\"Ayuntamiento de Bara\u00f1ain\/Bara\u00f1aingo Udala\" \/>\r\n<meta property=\"article:modified_time\" content=\"2021-07-29T20:13:54+00:00\" \/>\r\n<meta property=\"og:image\" content=\"https:\/\/www.baranain.es\/wp-content\/uploads\/2021\/07\/CUL-BibliotecaInscripSep2021-720x340-1.png\" \/>\r\n\t<meta property=\"og:image:width\" content=\"720\" \/>\r\n\t<meta property=\"og:image:height\" content=\"340\" \/>\r\n\t<meta property=\"og:image:type\" content=\"image\/png\" \/>\r\n<meta name=\"twitter:card\" content=\"summary_large_image\" \/>\r\n<meta name=\"twitter:label1\" content=\"Est. reading time\" \/>\n\t<meta name=\"twitter:data1\" content=\"2 minutes\" \/>\r\n<script type=\"application\/ld+json\" class=\"yoast-schema-graph\">{\"@context\":\"https:\/\/schema.org\",\"@graph\":[{\"@type\":\"WebPage\",\"@id\":\"https:\/\/www.baranain.es\/eu\/eventos\/cultura-campana-inscripciones-septiembre-cursos-bibliotecamarialuisaelio\/\",\"url\":\"https:\/\/www.baranain.es\/eu\/eventos\/cultura-campana-inscripciones-septiembre-cursos-bibliotecamarialuisaelio\/\",\"name\":\"M\u00aa Luisa Elio Liburutegia - Izen-emate kanpaina IRAILA \\\"Aukeran\\\" ikastaroak - Ayuntamiento de Bara\u00f1ain\/Bara\u00f1aingo Udala\",\"isPartOf\":{\"@id\":\"https:\/\/www.baranain.es\/eu\/#website\"},\"primaryImageOfPage\":{\"@id\":\"https:\/\/www.baranain.es\/eu\/eventos\/cultura-campana-inscripciones-septiembre-cursos-bibliotecamarialuisaelio\/#primaryimage\"},\"image\":{\"@id\":\"https:\/\/www.baranain.es\/eu\/eventos\/cultura-campana-inscripciones-septiembre-cursos-bibliotecamarialuisaelio\/#primaryimage\"},\"thumbnailUrl\":\"https:\/\/www.baranain.es\/wp-content\/uploads\/2021\/07\/CUL-BibliotecaInscripSep2021-720x340-1.png\",\"datePublished\":\"2021-07-19T11:19:20+00:00\",\"dateModified\":\"2021-07-29T20:13:54+00:00\",\"description\":\"Cine al aire libre en Bara\u00f1\u00e1in 2021\/Aire zabaleko zinema Bara\u00f1ainen 2021\",\"breadcrumb\":{\"@id\":\"https:\/\/www.baranain.es\/eu\/eventos\/cultura-campana-inscripciones-septiembre-cursos-bibliotecamarialuisaelio\/#breadcrumb\"},\"inLanguage\":\"eu-ES\",\"potentialAction\":[{\"@type\":\"ReadAction\",\"target\":[\"https:\/\/www.baranain.es\/eu\/eventos\/cultura-campana-inscripciones-septiembre-cursos-bibliotecamarialuisaelio\/\"]}]},{\"@type\":\"ImageObject\",\"inLanguage\":\"eu-ES\",\"@id\":\"https:\/\/www.baranain.es\/eu\/eventos\/cultura-campana-inscripciones-septiembre-cursos-bibliotecamarialuisaelio\/#primaryimage\",\"url\":\"https:\/\/www.baranain.es\/wp-content\/uploads\/2021\/07\/CUL-BibliotecaInscripSep2021-720x340-1.png\",\"contentUrl\":\"https:\/\/www.baranain.es\/wp-content\/uploads\/2021\/07\/CUL-BibliotecaInscripSep2021-720x340-1.png\",\"width\":720,\"height\":340},{\"@type\":\"BreadcrumbList\",\"@id\":\"https:\/\/www.baranain.es\/eu\/eventos\/cultura-campana-inscripciones-septiembre-cursos-bibliotecamarialuisaelio\/#breadcrumb\",\"itemListElement\":[{\"@type\":\"ListItem\",\"position\":1,\"name\":\"Home\",\"item\":\"https:\/\/www.baranain.es\/eu\/\"},{\"@type\":\"ListItem\",\"position\":2,\"name\":\"Eventos\",\"item\":\"https:\/\/www.baranain.es\/eventos\/\"},{\"@type\":\"ListItem\",\"position\":3,\"name\":\"M\u00aa Luisa Elio Liburutegia &#8211; Izen-emate kanpaina IRAILA &#8220;Aukeran&#8221; ikastaroak\"}]},{\"@type\":\"WebSite\",\"@id\":\"https:\/\/www.baranain.es\/eu\/#website\",\"url\":\"https:\/\/www.baranain.es\/eu\/\",\"name\":\"Ayuntamiento de Bara\u00f1ain\/Bara\u00f1aingo Udala\",\"description\":\"Ayuntamiento de Bara\u00f1ain\/Bara\u00f1aingo Udala\",\"potentialAction\":[{\"@type\":\"SearchAction\",\"target\":{\"@type\":\"EntryPoint\",\"urlTemplate\":\"https:\/\/www.baranain.es\/eu\/?s={search_term_string}\"},\"query-input\":\"required name=search_term_string\"}],\"inLanguage\":\"eu-ES\"}]}<\/script>\r\n<!-- \/ Yoast SEO plugin. -->","yoast_head_json":{"title":"M\u00aa Luisa Elio Liburutegia - Izen-emate kanpaina IRAILA \"Aukeran\" ikastaroak - Ayuntamiento de Bara\u00f1ain\/Bara\u00f1aingo Udala","description":"Cine al aire libre en Bara\u00f1\u00e1in 2021\/Aire zabaleko zinema Bara\u00f1ainen 2021","robots":{"index":"index","follow":"follow","max-snippet":"max-snippet:-1","max-image-preview":"max-image-preview:large","max-video-preview":"max-video-preview:-1"},"canonical":"https:\/\/www.baranain.es\/eu\/eventos\/cultura-campana-inscripciones-septiembre-cursos-bibliotecamarialuisaelio\/","og_locale":"eu_ES","og_type":"article","og_title":"M\u00aa Luisa Elio Liburutegia - Izen-emate kanpaina IRAILA \"Aukeran\" ikastaroak - Ayuntamiento de Bara\u00f1ain\/Bara\u00f1aingo Udala","og_description":"Cine al aire libre en Bara\u00f1\u00e1in 2021\/Aire zabaleko zinema Bara\u00f1ainen 2021","og_url":"https:\/\/www.baranain.es\/eu\/eventos\/cultura-campana-inscripciones-septiembre-cursos-bibliotecamarialuisaelio\/","og_site_name":"Ayuntamiento de Bara\u00f1ain\/Bara\u00f1aingo Udala","article_modified_time":"2021-07-29T20:13:54+00:00","og_image":[{"width":720,"height":340,"url":"https:\/\/www.baranain.es\/wp-content\/uploads\/2021\/07\/CUL-BibliotecaInscripSep2021-720x340-1.png","type":"image\/png"}],"twitter_card":"summary_large_image","twitter_misc":{"Est. reading time":"2 minutes"},"schema":{"@context":"https:\/\/schema.org","@graph":[{"@type":"WebPage","@id":"https:\/\/www.baranain.es\/eu\/eventos\/cultura-campana-inscripciones-septiembre-cursos-bibliotecamarialuisaelio\/","url":"https:\/\/www.baranain.es\/eu\/eventos\/cultura-campana-inscripciones-septiembre-cursos-bibliotecamarialuisaelio\/","name":"M\u00aa Luisa Elio Liburutegia - Izen-emate kanpaina IRAILA \"Aukeran\" ikastaroak - Ayuntamiento de Bara\u00f1ain\/Bara\u00f1aingo Udala","isPartOf":{"@id":"https:\/\/www.baranain.es\/eu\/#website"},"primaryImageOfPage":{"@id":"https:\/\/www.baranain.es\/eu\/eventos\/cultura-campana-inscripciones-septiembre-cursos-bibliotecamarialuisaelio\/#primaryimage"},"image":{"@id":"https:\/\/www.baranain.es\/eu\/eventos\/cultura-campana-inscripciones-septiembre-cursos-bibliotecamarialuisaelio\/#primaryimage"},"thumbnailUrl":"https:\/\/www.baranain.es\/wp-content\/uploads\/2021\/07\/CUL-BibliotecaInscripSep2021-720x340-1.png","datePublished":"2021-07-19T11:19:20+00:00","dateModified":"2021-07-29T20:13:54+00:00","description":"Cine al aire libre en Bara\u00f1\u00e1in 2021\/Aire zabaleko zinema Bara\u00f1ainen 2021","breadcrumb":{"@id":"https:\/\/www.baranain.es\/eu\/eventos\/cultura-campana-inscripciones-septiembre-cursos-bibliotecamarialuisaelio\/#breadcrumb"},"inLanguage":"eu-ES","potentialAction":[{"@type":"ReadAction","target":["https:\/\/www.baranain.es\/eu\/eventos\/cultura-campana-inscripciones-septiembre-cursos-bibliotecamarialuisaelio\/"]}]},{"@type":"ImageObject","inLanguage":"eu-ES","@id":"https:\/\/www.baranain.es\/eu\/eventos\/cultura-campana-inscripciones-septiembre-cursos-bibliotecamarialuisaelio\/#primaryimage","url":"https:\/\/www.baranain.es\/wp-content\/uploads\/2021\/07\/CUL-BibliotecaInscripSep2021-720x340-1.png","contentUrl":"https:\/\/www.baranain.es\/wp-content\/uploads\/2021\/07\/CUL-BibliotecaInscripSep2021-720x340-1.png","width":720,"height":340},{"@type":"BreadcrumbList","@id":"https:\/\/www.baranain.es\/eu\/eventos\/cultura-campana-inscripciones-septiembre-cursos-bibliotecamarialuisaelio\/#breadcrumb","itemListElement":[{"@type":"ListItem","position":1,"name":"Home","item":"https:\/\/www.baranain.es\/eu\/"},{"@type":"ListItem","position":2,"name":"Eventos","item":"https:\/\/www.baranain.es\/eventos\/"},{"@type":"ListItem","position":3,"name":"M\u00aa Luisa Elio Liburutegia &#8211; Izen-emate kanpaina IRAILA &#8220;Aukeran&#8221; ikastaroak"}]},{"@type":"WebSite","@id":"https:\/\/www.baranain.es\/eu\/#website","url":"https:\/\/www.baranain.es\/eu\/","name":"Ayuntamiento de Bara\u00f1ain\/Bara\u00f1aingo Udala","description":"Ayuntamiento de Bara\u00f1ain\/Bara\u00f1aingo Udala","potentialAction":[{"@type":"SearchAction","target":{"@type":"EntryPoint","urlTemplate":"https:\/\/www.baranain.es\/eu\/?s={search_term_string}"},"query-input":"required name=search_term_string"}],"inLanguage":"eu-ES"}]}},"_links":{"self":[{"href":"https:\/\/www.baranain.es\/eu\/wp-json\/wp\/v2\/eventos\/51366"}],"collection":[{"href":"https:\/\/www.baranain.es\/eu\/wp-json\/wp\/v2\/eventos"}],"about":[{"href":"https:\/\/www.baranain.es\/eu\/wp-json\/wp\/v2\/types\/eventos"}],"replies":[{"embeddable":true,"href":"https:\/\/www.baranain.es\/eu\/wp-json\/wp\/v2\/comments?post=51366"}],"wp:featuredmedia":[{"embeddable":true,"href":"https:\/\/www.baranain.es\/eu\/wp-json\/wp\/v2\/media\/51363"}],"wp:attachment":[{"href":"https:\/\/www.baranain.es\/eu\/wp-json\/wp\/v2\/media?parent=51366"}],"curies":[{"name":"wp","href":"https:\/\/api.w.org\/{rel}","templated":true}]}}