{"id":51358,"date":"2021-07-19T09:24:50","date_gmt":"2021-07-19T08:24:50","guid":{"rendered":"https:\/\/www.baranain.es\/eventos\/cultura-campana-inscripciones-septiembre-cursos-casa-de-cultura\/"},"modified":"2021-07-27T12:42:17","modified_gmt":"2021-07-27T11:42:17","slug":"cultura-campana-inscripciones-septiembre-cursos-casa-de-cultura","status":"publish","type":"eventos","link":"https:\/\/www.baranain.es\/eu\/eventos\/cultura-campana-inscripciones-septiembre-cursos-casa-de-cultura\/","title":{"rendered":"Kultura &#8211; Izen-emate kanpaina IRAILA Kultura Etxeko ikastaroak"},"content":{"rendered":"<h2><span style=\"color: #0000ff\">Kultura Etxeko ikastaroen argibideak: <\/span><strong><span style=\"color: #ff6600\">(Harremanetarako 948 28 13 28 Herritarren Arretarako Bulegoa HAB)<\/span><\/strong><\/h2>\n<p><span style=\"color: #0000ff\"><strong>Iraupena &gt;&gt; 2021eko urriaren 1etik 2022ko maiatzaren 31ra.<\/strong><\/span><\/p>\n<p><span style=\"color: #0000ff\"><strong>1.LAUHILEKOAN IZEN-EMATEAK:<\/strong><\/span><\/p>\n<ul>\n<li><span style=\"color: #0000ff\">012ra deia (8-18 h, astelehenetik ostiralera) &#8211; ERROLDATUEK:<strong> irailaren 2tik 7ra.<\/strong><\/span><\/li>\n<li><span style=\"color: #0000ff\">012ra deia (8-18 h, astelehenetik ostiralera) &#8211; Interesadun orok: <strong>irailaren 8an.<\/strong><\/span><\/li>\n<li><span style=\"color: #0000ff\">HAB bertaratuta (8:30-14 h, astelehenetik ostiralera) &#8211; Interesadun orok: <\/span><strong><span style=\"color: #0000ff\">irailaren 13 eta 14an<\/span>.<\/strong><\/li>\n<\/ul>\n<h2><span style=\"color: #0000ff\"><strong>IKASTARO EGITARAUA\u00a0 \u00a0<\/strong><\/span><strong><a href=\"https:\/\/www.baranain.es\/wp-content\/uploads\/2021\/07\/CUL-web-CALENDARIO21-22.pdf\">Eskola egunen egutegia 2021-2022 (gaztelaniaz)<\/a><\/strong><\/h2>\n<p><img loading=\"lazy\" decoding=\"async\" class=\"alignnone wp-image-25830 alignleft\" src=\"https:\/\/www.baranain.es\/wp-content\/uploads\/2020\/03\/CUL-Logo-Casa-cultura-1024x996.jpg\" alt=\"\" width=\"174\" height=\"169\" srcset=\"https:\/\/www.baranain.es\/wp-content\/uploads\/2020\/03\/CUL-Logo-Casa-cultura-1024x996.jpg 1024w, https:\/\/www.baranain.es\/wp-content\/uploads\/2020\/03\/CUL-Logo-Casa-cultura-300x292.jpg 300w, https:\/\/www.baranain.es\/wp-content\/uploads\/2020\/03\/CUL-Logo-Casa-cultura-768x747.jpg 768w, https:\/\/www.baranain.es\/wp-content\/uploads\/2020\/03\/CUL-Logo-Casa-cultura-52x50.jpg 52w, https:\/\/www.baranain.es\/wp-content\/uploads\/2020\/03\/CUL-Logo-Casa-cultura.jpg 1600w\" sizes=\"(max-width: 174px) 100vw, 174px\" \/> \u00a0<img loading=\"lazy\" decoding=\"async\" class=\"alignnone wp-image-51356 alignleft\" src=\"https:\/\/www.baranain.es\/wp-content\/uploads\/2021\/05\/escudo_n.png\" alt=\"\" width=\"113\" height=\"166\" srcset=\"https:\/\/www.baranain.es\/wp-content\/uploads\/2021\/05\/escudo_n.png 681w, https:\/\/www.baranain.es\/wp-content\/uploads\/2021\/05\/escudo_n-204x300.png 204w, https:\/\/www.baranain.es\/wp-content\/uploads\/2021\/05\/escudo_n-300x441.png 300w\" sizes=\"(max-width: 113px) 100vw, 113px\" \/><\/p>\n<p>&nbsp;<\/p>\n<p>&nbsp;<\/p>\n<p>&nbsp;<\/p>\n<p>&nbsp;<\/p>\n<p><span style=\"color: #ff6600\"><strong>Oharrak:<\/strong> prezioak lauhilekorako dira. Lehen lauhilekoa 2021eko urriaren 1etik 2022ko urtarrilaren 31ra da. 2022ko urtarrilean, bigarren lauhilekoan (2022ko otsailaren 1etik maiatzaren 31ra bitarte) aritu ahal izateko izen-emate kanpaina berria irekiko da. Bigarren lauhilekoa lehenengoaren jarraipena da. <strong>Salbuespenak:<\/strong><\/span><\/p>\n<ul>\n<li><span style=\"color: #ff6600\">Argazkigintza digitala; izen-emate bakarra dauka irailean, ikasturte osorako (2021eko urriaren 1etik 2022ko maiatzaren 31ra bitarteko ikastaroa).<\/span><\/li>\n<li><span style=\"color: #ff6600\">Ekialdeko dantzako\u00a0<\/span><span style=\"color: #ff6600\">irailaren 21 eta 28ko\u00a0<\/span><span style=\"color: #ff6600\">berariazko tailerrak: egun horietarako bakarrik ordaintzen da irailean.<\/span><\/li>\n<li><span style=\"color: #ff6600\">Sendabelarrak eta prestakin naturalak: irailean ordaintzen dena 8 saiotarako da.<\/span><\/li>\n<\/ul>\n<p><img loading=\"lazy\" decoding=\"async\" class=\"alignnone size-full wp-image-51355\" src=\"https:\/\/www.baranain.es\/wp-content\/uploads\/2021\/07\/CUL-InscripSeptiembreCursos21.22.png\" alt=\"\" width=\"1523\" height=\"2069\" srcset=\"https:\/\/www.baranain.es\/wp-content\/uploads\/2021\/07\/CUL-InscripSeptiembreCursos21.22.png 1523w, https:\/\/www.baranain.es\/wp-content\/uploads\/2021\/07\/CUL-InscripSeptiembreCursos21.22-221x300.png 221w, https:\/\/www.baranain.es\/wp-content\/uploads\/2021\/07\/CUL-InscripSeptiembreCursos21.22-754x1024.png 754w, https:\/\/www.baranain.es\/wp-content\/uploads\/2021\/07\/CUL-InscripSeptiembreCursos21.22-768x1043.png 768w, https:\/\/www.baranain.es\/wp-content\/uploads\/2021\/07\/CUL-InscripSeptiembreCursos21.22-1131x1536.png 1131w, https:\/\/www.baranain.es\/wp-content\/uploads\/2021\/07\/CUL-InscripSeptiembreCursos21.22-1508x2048.png 1508w, https:\/\/www.baranain.es\/wp-content\/uploads\/2021\/07\/CUL-InscripSeptiembreCursos21.22-300x408.png 300w, https:\/\/www.baranain.es\/wp-content\/uploads\/2021\/07\/CUL-InscripSeptiembreCursos21.22-85x115.png 85w\" sizes=\"(max-width: 1523px) 100vw, 1523px\" \/><\/p>\n<p><span style=\"color: #ff6600\"><strong>IKASTAROEN INFORMAZIO-FITXAK, eskuragai baita ere Udaletxeko Herritarren Arretarako Bulegoan eta Kultura Etxean:<\/strong><\/span><\/p>\n<ul>\n<li><a href=\"https:\/\/www.baranain.es\/wp-content\/uploads\/2021\/07\/CUL-Ficha-CasaCulturaBaranain-Bailes-de-salon-INIC-y-MEDIO.pdf\">Bailes de sal\u00f3n\/Saloi-dantzak<\/a><\/li>\n<li><a href=\"https:\/\/www.baranain.es\/wp-content\/uploads\/2021\/07\/CUL-Ficha-CasaCulturaBaranain-Costura-INIC.pdf\">Costura\/Joskintza<\/a><\/li>\n<li><a href=\"https:\/\/www.baranain.es\/wp-content\/uploads\/2021\/07\/CUL-Ficha-CasaCulturaBaranain-DibujoPintura-INIC.pdf\">DibujoPintura\/MarrazketaPintura<\/a><\/li>\n<li><a href=\"https:\/\/www.baranain.es\/wp-content\/uploads\/2021\/07\/CUL-Ficha-CasaCulturaBaranain-FotografiaDigital.pdf\">Fotograf\u00eda digital\/Argazkigintza digitala<\/a><\/li>\n<li><a href=\"https:\/\/www.baranain.es\/wp-content\/uploads\/2021\/07\/CUL-Ficha-CasaCulturaBaranain-Guitarra-Flamenca-INIC.pdf\">Guitarra\/Gitarra<\/a><\/li>\n<li><a href=\"https:\/\/www.baranain.es\/wp-content\/uploads\/2021\/07\/CUL-Ficha-CasaCulturaBaranain-Jauziak-INIC.pdf\">Jauzis inic\/Jauziak abiatzea<\/a><\/li>\n<li><a href=\"https:\/\/www.baranain.es\/wp-content\/uploads\/2021\/07\/CUL-Ficha-CasaCulturaBaranain-Jauziak-MEDIO.pdf\">Jauzis medio\/Jauziak ertaina<\/a><\/li>\n<li><a href=\"https:\/\/www.baranain.es\/wp-content\/uploads\/2021\/07\/CUL-Ficha-CasaCulturaBaranain-Kizomba-INIC.pdf\">Kizomba<\/a><\/li>\n<li><a href=\"https:\/\/www.baranain.es\/wp-content\/uploads\/2021\/07\/CUL-Ficha-CasaCulturaBaranain-Oriental_INICIACION_MEDIO.pdf\">Oriental\/Ekialdeko dantza<\/a><\/li>\n<li><a href=\"https:\/\/www.baranain.es\/wp-content\/uploads\/2021\/07\/CUL-Ficha-CasaCulturaBaranain-PlantasMedicinales8sesiones.pdf\">Plantas medicinales\/Sendabelarrak<\/a><\/li>\n<li><a href=\"https:\/\/www.baranain.es\/wp-content\/uploads\/2021\/07\/CUL-Ficha-CasaCulturaBaranain-Swing-INIC.pdf\">Swing<\/a><\/li>\n<li><a href=\"https:\/\/www.baranain.es\/wp-content\/uploads\/2021\/07\/CUL-Ficha-CasaCulturaBaranain-Teatro-adult-INICIACION.pdf\">Teatro\/Antzerkigintza<\/a><\/li>\n<\/ul>\n<p>&nbsp;<\/p>\n<p>&nbsp;<\/p>\n<p>&nbsp;<\/p>\n<p>&nbsp;<\/p>\n<p>&nbsp;<\/p>\n<p>&nbsp;<\/p>\n<p>&nbsp;<\/p>\n<p>&nbsp;<\/p>\n<p>&nbsp;<\/p>\n<p>&nbsp;<\/p>\n<p>&nbsp;<\/p>\n","protected":false},"featured_media":51349,"comment_status":"closed","ping_status":"closed","template":"","meta":{"_wpml_media_has_media":["1"],"_wpml_word_count":["{\"total\":0,\"to_translate\":{\"eu\":108,\"es\":108}}"],"_wpml_media_featured":["1","1","1","1","1","1","1","1","1","1","1","1","1","1"],"_wpml_media_duplicate":["1","1","1","1","1","1","1","1","1","1","1","1","1","1"],"_oembed_87a9ddd1b2355a02d77349fa44b016eb":["<iframe title=\"ABOMINABLE - Tr\u00e1iler 1 (Universal Pictures) - HD\" width=\"500\" height=\"281\" src=\"https:\/\/www.youtube.com\/embed\/PRrO7RJWYXU?feature=oembed\" frameborder=\"0\" allow=\"accelerometer; autoplay; clipboard-write; encrypted-media; gyroscope; picture-in-picture\" allowfullscreen><\/iframe>"],"_oembed_time_87a9ddd1b2355a02d77349fa44b016eb":["1626089886"],"_oembed_23ac99d3d399ddc97acdfe93b373a417":["<iframe title=\"ASTERIX: EDABE MAGIKOAREN SEKRETUA - FILMAREN TRAILERRA\" width=\"500\" height=\"281\" src=\"https:\/\/www.youtube.com\/embed\/CGBxpGM3QIM?feature=oembed\" frameborder=\"0\" allow=\"accelerometer; autoplay; clipboard-write; encrypted-media; gyroscope; picture-in-picture\" allowfullscreen><\/iframe>"],"_oembed_time_23ac99d3d399ddc97acdfe93b373a417":["1626089176"],"_yoast_wpseo_primary_categoriaeventos":["176"],"event_ext":[""],"imagenslia":[""],"event_horario":[""],"event_horario_inicio":[""],"event_horario_fin":[""],"fechas":[""],"importe":[""],"inscripcion":[""],"botonve":[""],"botonveu":[""],"ponente":[""],"autor_o":[""],"nota":[""],"boton1":[""],"boton1u":[""],"event_date1":["1631577600"],"_yoast_wpseo_content_score":["60"],"_yoast_wpseo_estimated-reading-time-minutes":["2"],"_last_translation_edit_mode":["native-editor"],"dias":[";02-9-2021;14-9-2021;"],"event_date":["1630540800"],"event_location":[""],"_yoast_wpseo_metadesc":["Cine al aire libre en Bara\u00f1\u00e1in 2021\/Aire zabaleko zinema Bara\u00f1ainen 2021"],"_oembed_28dc3121e097e68c81c35eeb2cb3ce16":["<iframe title=\"Abuelos - Trailer (HD)\" width=\"1379\" height=\"776\" src=\"https:\/\/www.youtube.com\/embed\/kyFs0thUfpQ?feature=oembed\" frameborder=\"0\" allow=\"accelerometer; autoplay; clipboard-write; encrypted-media; gyroscope; picture-in-picture\" allowfullscreen><\/iframe>"],"_oembed_time_28dc3121e097e68c81c35eeb2cb3ce16":["1626080272"],"_oembed_34237c76e4308f030c997458035de29c":["<iframe title=\"Abuelos - Trailer (HD)\" width=\"500\" height=\"281\" src=\"https:\/\/www.youtube.com\/embed\/kyFs0thUfpQ?feature=oembed\" frameborder=\"0\" allow=\"accelerometer; autoplay; clipboard-write; encrypted-media; gyroscope; picture-in-picture\" allowfullscreen><\/iframe>"],"_oembed_time_34237c76e4308f030c997458035de29c":["1626080292"],"_oembed_cf554308413aff0126e2483c2d21b307":["<iframe title=\"Abuelos - Trailer (HD)\" width=\"1383\" height=\"778\" src=\"https:\/\/www.youtube.com\/embed\/kyFs0thUfpQ?feature=oembed\" frameborder=\"0\" allow=\"accelerometer; autoplay; clipboard-write; encrypted-media; gyroscope; picture-in-picture\" allowfullscreen><\/iframe>"],"_oembed_time_cf554308413aff0126e2483c2d21b307":["1626080300"],"_oembed_0e6c14be9ceaff82d6656e177f049821":["<iframe title=\"ASTERIX: EDABE MAGIKOAREN SEKRETUA - FILMAREN TRAILERRA\" width=\"1379\" height=\"776\" src=\"https:\/\/www.youtube.com\/embed\/CGBxpGM3QIM?feature=oembed\" frameborder=\"0\" allow=\"accelerometer; autoplay; clipboard-write; encrypted-media; gyroscope; picture-in-picture\" allowfullscreen><\/iframe>"],"_oembed_time_0e6c14be9ceaff82d6656e177f049821":["1626088934"],"_oembed_39d0e16f60a1985c9bc29ad88e221fae":["<iframe title=\"ASTERIX: EDABE MAGIKOAREN SEKRETUA - FILMAREN TRAILERRA\" width=\"1383\" height=\"778\" src=\"https:\/\/www.youtube.com\/embed\/CGBxpGM3QIM?feature=oembed\" frameborder=\"0\" allow=\"accelerometer; autoplay; clipboard-write; encrypted-media; gyroscope; picture-in-picture\" allowfullscreen><\/iframe>"],"_oembed_time_39d0e16f60a1985c9bc29ad88e221fae":["1626088947"],"_oembed_7e6eb3f9a5f368a3ec13d65051fff8cb":["<iframe title=\"ABOMINABLE - Tr\u00e1iler 1 (Universal Pictures) - HD\" width=\"1379\" height=\"776\" src=\"https:\/\/www.youtube.com\/embed\/PRrO7RJWYXU?feature=oembed\" frameborder=\"0\" allow=\"accelerometer; autoplay; clipboard-write; encrypted-media; gyroscope; picture-in-picture\" allowfullscreen><\/iframe>"],"_oembed_time_7e6eb3f9a5f368a3ec13d65051fff8cb":["1626089625"],"_oembed_53b1e3ffd3610cd7e2ddecced57127f1":["<iframe title=\"ABOMINABLE - Tr\u00e1iler 1 (Universal Pictures) - HD\" width=\"1383\" height=\"778\" src=\"https:\/\/www.youtube.com\/embed\/PRrO7RJWYXU?feature=oembed\" frameborder=\"0\" allow=\"accelerometer; autoplay; clipboard-write; encrypted-media; gyroscope; picture-in-picture\" allowfullscreen><\/iframe>"],"_oembed_time_53b1e3ffd3610cd7e2ddecced57127f1":["1626089639"],"_oembed_889452cc45bccd0d7693b30ced59966a":["<iframe title=\"Volando Juntos Trailer Oficial Espa\u00f1ol (2020)\" width=\"1379\" height=\"776\" src=\"https:\/\/www.youtube.com\/embed\/wTwk8sqlFMo?feature=oembed\" frameborder=\"0\" allow=\"accelerometer; autoplay; clipboard-write; encrypted-media; gyroscope; picture-in-picture\" allowfullscreen><\/iframe>"],"_oembed_time_889452cc45bccd0d7693b30ced59966a":["1626090495"],"_oembed_33c74189bbe1884ec8691ed476a0401f":["<iframe title=\"Volando Juntos Trailer Oficial Espa\u00f1ol (2020)\" width=\"500\" height=\"281\" src=\"https:\/\/www.youtube.com\/embed\/wTwk8sqlFMo?feature=oembed\" frameborder=\"0\" allow=\"accelerometer; autoplay; clipboard-write; encrypted-media; gyroscope; picture-in-picture\" allowfullscreen><\/iframe>"],"_oembed_time_33c74189bbe1884ec8691ed476a0401f":["1626090503"],"_oembed_d890108fecf6ece5bc204fe1a5cc34e3":["<iframe title=\"Volando Juntos Trailer Oficial Espa\u00f1ol (2020)\" width=\"1383\" height=\"778\" src=\"https:\/\/www.youtube.com\/embed\/wTwk8sqlFMo?feature=oembed\" frameborder=\"0\" allow=\"accelerometer; autoplay; clipboard-write; encrypted-media; gyroscope; picture-in-picture\" allowfullscreen><\/iframe>"],"_oembed_time_d890108fecf6ece5bc204fe1a5cc34e3":["1626090510"],"_thumbnail_id":["51349"],"_edit_lock":["1627386012:19020"],"_edit_last":["19020"]},"yoast_head":"<!-- This site is optimized with the Yoast SEO plugin v22.3 - https:\/\/yoast.com\/wordpress\/plugins\/seo\/ -->\r\n<title>Kultura - Izen-emate kanpaina IRAILA Kultura Etxeko ikastaroak - Ayuntamiento de Bara\u00f1ain\/Bara\u00f1aingo Udala<\/title>\r\n<meta name=\"description\" content=\"Cine al aire libre en Bara\u00f1\u00e1in 2021\/Aire zabaleko zinema Bara\u00f1ainen 2021\" \/>\r\n<meta name=\"robots\" content=\"index, follow, max-snippet:-1, max-image-preview:large, max-video-preview:-1\" \/>\r\n<link rel=\"canonical\" href=\"https:\/\/www.baranain.es\/eu\/eventos\/cultura-campana-inscripciones-septiembre-cursos-casa-de-cultura\/\" \/>\r\n<meta property=\"og:locale\" content=\"eu_ES\" \/>\r\n<meta property=\"og:type\" content=\"article\" \/>\r\n<meta property=\"og:title\" content=\"Kultura - Izen-emate kanpaina IRAILA Kultura Etxeko ikastaroak - Ayuntamiento de Bara\u00f1ain\/Bara\u00f1aingo Udala\" \/>\r\n<meta property=\"og:description\" content=\"Cine al aire libre en Bara\u00f1\u00e1in 2021\/Aire zabaleko zinema Bara\u00f1ainen 2021\" \/>\r\n<meta property=\"og:url\" content=\"https:\/\/www.baranain.es\/eu\/eventos\/cultura-campana-inscripciones-septiembre-cursos-casa-de-cultura\/\" \/>\r\n<meta property=\"og:site_name\" content=\"Ayuntamiento de Bara\u00f1ain\/Bara\u00f1aingo Udala\" \/>\r\n<meta property=\"article:modified_time\" content=\"2021-07-27T11:42:17+00:00\" \/>\r\n<meta property=\"og:image\" content=\"https:\/\/www.baranain.es\/wp-content\/uploads\/2021\/07\/CUL-CulturaInscripSep2021-720x340-1.png\" \/>\r\n\t<meta property=\"og:image:width\" content=\"720\" \/>\r\n\t<meta property=\"og:image:height\" content=\"340\" \/>\r\n\t<meta property=\"og:image:type\" content=\"image\/png\" \/>\r\n<meta name=\"twitter:card\" content=\"summary_large_image\" \/>\r\n<meta name=\"twitter:label1\" content=\"Est. reading time\" \/>\n\t<meta name=\"twitter:data1\" content=\"2 minutes\" \/>\r\n<script type=\"application\/ld+json\" class=\"yoast-schema-graph\">{\"@context\":\"https:\/\/schema.org\",\"@graph\":[{\"@type\":\"WebPage\",\"@id\":\"https:\/\/www.baranain.es\/eu\/eventos\/cultura-campana-inscripciones-septiembre-cursos-casa-de-cultura\/\",\"url\":\"https:\/\/www.baranain.es\/eu\/eventos\/cultura-campana-inscripciones-septiembre-cursos-casa-de-cultura\/\",\"name\":\"Kultura - Izen-emate kanpaina IRAILA Kultura Etxeko ikastaroak - Ayuntamiento de Bara\u00f1ain\/Bara\u00f1aingo Udala\",\"isPartOf\":{\"@id\":\"https:\/\/www.baranain.es\/eu\/#website\"},\"primaryImageOfPage\":{\"@id\":\"https:\/\/www.baranain.es\/eu\/eventos\/cultura-campana-inscripciones-septiembre-cursos-casa-de-cultura\/#primaryimage\"},\"image\":{\"@id\":\"https:\/\/www.baranain.es\/eu\/eventos\/cultura-campana-inscripciones-septiembre-cursos-casa-de-cultura\/#primaryimage\"},\"thumbnailUrl\":\"https:\/\/www.baranain.es\/wp-content\/uploads\/2021\/07\/CUL-CulturaInscripSep2021-720x340-1.png\",\"datePublished\":\"2021-07-19T08:24:50+00:00\",\"dateModified\":\"2021-07-27T11:42:17+00:00\",\"description\":\"Cine al aire libre en Bara\u00f1\u00e1in 2021\/Aire zabaleko zinema Bara\u00f1ainen 2021\",\"breadcrumb\":{\"@id\":\"https:\/\/www.baranain.es\/eu\/eventos\/cultura-campana-inscripciones-septiembre-cursos-casa-de-cultura\/#breadcrumb\"},\"inLanguage\":\"eu-ES\",\"potentialAction\":[{\"@type\":\"ReadAction\",\"target\":[\"https:\/\/www.baranain.es\/eu\/eventos\/cultura-campana-inscripciones-septiembre-cursos-casa-de-cultura\/\"]}]},{\"@type\":\"ImageObject\",\"inLanguage\":\"eu-ES\",\"@id\":\"https:\/\/www.baranain.es\/eu\/eventos\/cultura-campana-inscripciones-septiembre-cursos-casa-de-cultura\/#primaryimage\",\"url\":\"https:\/\/www.baranain.es\/wp-content\/uploads\/2021\/07\/CUL-CulturaInscripSep2021-720x340-1.png\",\"contentUrl\":\"https:\/\/www.baranain.es\/wp-content\/uploads\/2021\/07\/CUL-CulturaInscripSep2021-720x340-1.png\",\"width\":720,\"height\":340},{\"@type\":\"BreadcrumbList\",\"@id\":\"https:\/\/www.baranain.es\/eu\/eventos\/cultura-campana-inscripciones-septiembre-cursos-casa-de-cultura\/#breadcrumb\",\"itemListElement\":[{\"@type\":\"ListItem\",\"position\":1,\"name\":\"Home\",\"item\":\"https:\/\/www.baranain.es\/eu\/\"},{\"@type\":\"ListItem\",\"position\":2,\"name\":\"Eventos\",\"item\":\"https:\/\/www.baranain.es\/eventos\/\"},{\"@type\":\"ListItem\",\"position\":3,\"name\":\"Kultura &#8211; Izen-emate kanpaina IRAILA Kultura Etxeko ikastaroak\"}]},{\"@type\":\"WebSite\",\"@id\":\"https:\/\/www.baranain.es\/eu\/#website\",\"url\":\"https:\/\/www.baranain.es\/eu\/\",\"name\":\"Ayuntamiento de Bara\u00f1ain\/Bara\u00f1aingo Udala\",\"description\":\"Ayuntamiento de Bara\u00f1ain\/Bara\u00f1aingo Udala\",\"potentialAction\":[{\"@type\":\"SearchAction\",\"target\":{\"@type\":\"EntryPoint\",\"urlTemplate\":\"https:\/\/www.baranain.es\/eu\/?s={search_term_string}\"},\"query-input\":\"required name=search_term_string\"}],\"inLanguage\":\"eu-ES\"}]}<\/script>\r\n<!-- \/ Yoast SEO plugin. -->","yoast_head_json":{"title":"Kultura - Izen-emate kanpaina IRAILA Kultura Etxeko ikastaroak - Ayuntamiento de Bara\u00f1ain\/Bara\u00f1aingo Udala","description":"Cine al aire libre en Bara\u00f1\u00e1in 2021\/Aire zabaleko zinema Bara\u00f1ainen 2021","robots":{"index":"index","follow":"follow","max-snippet":"max-snippet:-1","max-image-preview":"max-image-preview:large","max-video-preview":"max-video-preview:-1"},"canonical":"https:\/\/www.baranain.es\/eu\/eventos\/cultura-campana-inscripciones-septiembre-cursos-casa-de-cultura\/","og_locale":"eu_ES","og_type":"article","og_title":"Kultura - Izen-emate kanpaina IRAILA Kultura Etxeko ikastaroak - Ayuntamiento de Bara\u00f1ain\/Bara\u00f1aingo Udala","og_description":"Cine al aire libre en Bara\u00f1\u00e1in 2021\/Aire zabaleko zinema Bara\u00f1ainen 2021","og_url":"https:\/\/www.baranain.es\/eu\/eventos\/cultura-campana-inscripciones-septiembre-cursos-casa-de-cultura\/","og_site_name":"Ayuntamiento de Bara\u00f1ain\/Bara\u00f1aingo Udala","article_modified_time":"2021-07-27T11:42:17+00:00","og_image":[{"width":720,"height":340,"url":"https:\/\/www.baranain.es\/wp-content\/uploads\/2021\/07\/CUL-CulturaInscripSep2021-720x340-1.png","type":"image\/png"}],"twitter_card":"summary_large_image","twitter_misc":{"Est. reading time":"2 minutes"},"schema":{"@context":"https:\/\/schema.org","@graph":[{"@type":"WebPage","@id":"https:\/\/www.baranain.es\/eu\/eventos\/cultura-campana-inscripciones-septiembre-cursos-casa-de-cultura\/","url":"https:\/\/www.baranain.es\/eu\/eventos\/cultura-campana-inscripciones-septiembre-cursos-casa-de-cultura\/","name":"Kultura - Izen-emate kanpaina IRAILA Kultura Etxeko ikastaroak - Ayuntamiento de Bara\u00f1ain\/Bara\u00f1aingo Udala","isPartOf":{"@id":"https:\/\/www.baranain.es\/eu\/#website"},"primaryImageOfPage":{"@id":"https:\/\/www.baranain.es\/eu\/eventos\/cultura-campana-inscripciones-septiembre-cursos-casa-de-cultura\/#primaryimage"},"image":{"@id":"https:\/\/www.baranain.es\/eu\/eventos\/cultura-campana-inscripciones-septiembre-cursos-casa-de-cultura\/#primaryimage"},"thumbnailUrl":"https:\/\/www.baranain.es\/wp-content\/uploads\/2021\/07\/CUL-CulturaInscripSep2021-720x340-1.png","datePublished":"2021-07-19T08:24:50+00:00","dateModified":"2021-07-27T11:42:17+00:00","description":"Cine al aire libre en Bara\u00f1\u00e1in 2021\/Aire zabaleko zinema Bara\u00f1ainen 2021","breadcrumb":{"@id":"https:\/\/www.baranain.es\/eu\/eventos\/cultura-campana-inscripciones-septiembre-cursos-casa-de-cultura\/#breadcrumb"},"inLanguage":"eu-ES","potentialAction":[{"@type":"ReadAction","target":["https:\/\/www.baranain.es\/eu\/eventos\/cultura-campana-inscripciones-septiembre-cursos-casa-de-cultura\/"]}]},{"@type":"ImageObject","inLanguage":"eu-ES","@id":"https:\/\/www.baranain.es\/eu\/eventos\/cultura-campana-inscripciones-septiembre-cursos-casa-de-cultura\/#primaryimage","url":"https:\/\/www.baranain.es\/wp-content\/uploads\/2021\/07\/CUL-CulturaInscripSep2021-720x340-1.png","contentUrl":"https:\/\/www.baranain.es\/wp-content\/uploads\/2021\/07\/CUL-CulturaInscripSep2021-720x340-1.png","width":720,"height":340},{"@type":"BreadcrumbList","@id":"https:\/\/www.baranain.es\/eu\/eventos\/cultura-campana-inscripciones-septiembre-cursos-casa-de-cultura\/#breadcrumb","itemListElement":[{"@type":"ListItem","position":1,"name":"Home","item":"https:\/\/www.baranain.es\/eu\/"},{"@type":"ListItem","position":2,"name":"Eventos","item":"https:\/\/www.baranain.es\/eventos\/"},{"@type":"ListItem","position":3,"name":"Kultura &#8211; Izen-emate kanpaina IRAILA Kultura Etxeko ikastaroak"}]},{"@type":"WebSite","@id":"https:\/\/www.baranain.es\/eu\/#website","url":"https:\/\/www.baranain.es\/eu\/","name":"Ayuntamiento de Bara\u00f1ain\/Bara\u00f1aingo Udala","description":"Ayuntamiento de Bara\u00f1ain\/Bara\u00f1aingo Udala","potentialAction":[{"@type":"SearchAction","target":{"@type":"EntryPoint","urlTemplate":"https:\/\/www.baranain.es\/eu\/?s={search_term_string}"},"query-input":"required name=search_term_string"}],"inLanguage":"eu-ES"}]}},"_links":{"self":[{"href":"https:\/\/www.baranain.es\/eu\/wp-json\/wp\/v2\/eventos\/51358"}],"collection":[{"href":"https:\/\/www.baranain.es\/eu\/wp-json\/wp\/v2\/eventos"}],"about":[{"href":"https:\/\/www.baranain.es\/eu\/wp-json\/wp\/v2\/types\/eventos"}],"replies":[{"embeddable":true,"href":"https:\/\/www.baranain.es\/eu\/wp-json\/wp\/v2\/comments?post=51358"}],"wp:featuredmedia":[{"embeddable":true,"href":"https:\/\/www.baranain.es\/eu\/wp-json\/wp\/v2\/media\/51349"}],"wp:attachment":[{"href":"https:\/\/www.baranain.es\/eu\/wp-json\/wp\/v2\/media?parent=51358"}],"curies":[{"name":"wp","href":"https:\/\/api.w.org\/{rel}","templated":true}]}}