{"id":51312,"date":"2021-07-16T08:31:55","date_gmt":"2021-07-16T07:31:55","guid":{"rendered":"https:\/\/www.baranain.es\/?post_type=eventos&#038;p=51312"},"modified":"2021-09-13T11:37:13","modified_gmt":"2021-09-13T10:37:13","slug":"kultura-etxea-erakusketa-la-reina-del-arga-terraza-con-arte-2021","status":"publish","type":"eventos","link":"https:\/\/www.baranain.es\/eu\/eventos\/kultura-etxea-erakusketa-la-reina-del-arga-terraza-con-arte-2021\/","title":{"rendered":"Kultura Etxea &#8211; Erakusketa &#8220;LA REINA DEL ARGA&#8221;"},"content":{"rendered":"<p>Kultura Etxeko Erakustaretoan, irailaren 8tik 16ra bitarte, biak barne, igandea salbu.<\/p>\n<p><!-- x-tinymce\/html --><a href=\"https:\/\/www.baranain.es\/wp-content\/uploads\/2021\/09\/CUL-web-ExpoReinaArga.png\"><img loading=\"lazy\" decoding=\"async\" class=\"alignnone size-full wp-image-52042\" src=\"https:\/\/www.baranain.es\/wp-content\/uploads\/2021\/09\/CUL-web-ExpoReinaArga.png\" alt=\"\" width=\"630\" height=\"904\" srcset=\"https:\/\/www.baranain.es\/wp-content\/uploads\/2021\/09\/CUL-web-ExpoReinaArga.png 630w, https:\/\/www.baranain.es\/wp-content\/uploads\/2021\/09\/CUL-web-ExpoReinaArga-209x300.png 209w, https:\/\/www.baranain.es\/wp-content\/uploads\/2021\/09\/CUL-web-ExpoReinaArga-300x430.png 300w, https:\/\/www.baranain.es\/wp-content\/uploads\/2021\/09\/CUL-web-ExpoReinaArga-80x115.png 80w\" sizes=\"(max-width: 630px) 100vw, 630px\" \/><\/a><\/p>\n<p><em>Hurrengo estekan, izenaren gainean sakatuta, proiektu artistikoa (gaztelaniaz):<a href=\"https:\/\/www.baranain.es\/wp-content\/uploads\/2021\/07\/CUL-Extracto-Remigia-echarren-dosier-online.pdf\">La Reina del Arga<\/a><\/em><\/p>\n<p>&nbsp;<\/p>\n<p><img loading=\"lazy\" decoding=\"async\" class=\"alignnone wp-image-25830 alignleft\" src=\"https:\/\/www.baranain.es\/wp-content\/uploads\/2020\/03\/CUL-Logo-Casa-cultura-150x150.jpg\" alt=\"\" width=\"112\" height=\"112\" srcset=\"https:\/\/www.baranain.es\/wp-content\/uploads\/2020\/03\/CUL-Logo-Casa-cultura-150x150.jpg 150w, https:\/\/www.baranain.es\/wp-content\/uploads\/2020\/03\/CUL-Logo-Casa-cultura-200x200.jpg 200w, https:\/\/www.baranain.es\/wp-content\/uploads\/2020\/03\/CUL-Logo-Casa-cultura-66x66.jpg 66w\" sizes=\"(max-width: 112px) 100vw, 112px\" \/><img loading=\"lazy\" decoding=\"async\" class=\"alignnone wp-image-42421 alignleft\" src=\"https:\/\/www.baranain.es\/wp-content\/uploads\/2021\/04\/IGU-LogoIgualdad-277x300.png\" alt=\"\" width=\"104\" height=\"113\" srcset=\"https:\/\/www.baranain.es\/wp-content\/uploads\/2021\/04\/IGU-LogoIgualdad-277x300.png 277w, https:\/\/www.baranain.es\/wp-content\/uploads\/2021\/04\/IGU-LogoIgualdad-300x325.png 300w, https:\/\/www.baranain.es\/wp-content\/uploads\/2021\/04\/IGU-LogoIgualdad.png 324w\" sizes=\"(max-width: 104px) 100vw, 104px\" \/><\/p>\n<p><strong><span style=\"color: #993366\">Igualdad<\/span><\/strong><\/p>\n<p><strong><span style=\"color: #993366\">Berdintasuna<\/span><\/strong><\/p>\n<p>&nbsp;<\/p>\n<p>&nbsp;<\/p>\n","protected":false},"featured_media":51347,"comment_status":"closed","ping_status":"closed","template":"","meta":{"_wpml_media_has_media":["1","1"],"_wpml_word_count":["{\"total\":58,\"to_translate\":{\"es\":58}}","{\"total\":58,\"to_translate\":{\"es\":58}}"],"_wpml_media_featured":["1","1","1","1","1","1","1","1","1","1","1","1"],"_wpml_media_duplicate":["1","1","1","1","1","1","1","1","1","1","1","1"],"_oembed_87a9ddd1b2355a02d77349fa44b016eb":["<iframe title=\"ABOMINABLE - Tr\u00e1iler 1 (Universal Pictures) - HD\" width=\"500\" height=\"281\" src=\"https:\/\/www.youtube.com\/embed\/PRrO7RJWYXU?feature=oembed\" frameborder=\"0\" allow=\"accelerometer; autoplay; clipboard-write; encrypted-media; gyroscope; picture-in-picture\" allowfullscreen><\/iframe>"],"_oembed_time_87a9ddd1b2355a02d77349fa44b016eb":["1626089886"],"_oembed_23ac99d3d399ddc97acdfe93b373a417":["<iframe title=\"ASTERIX: EDABE MAGIKOAREN SEKRETUA - FILMAREN TRAILERRA\" width=\"500\" height=\"281\" src=\"https:\/\/www.youtube.com\/embed\/CGBxpGM3QIM?feature=oembed\" frameborder=\"0\" allow=\"accelerometer; autoplay; clipboard-write; encrypted-media; gyroscope; picture-in-picture\" allowfullscreen><\/iframe>"],"_oembed_time_23ac99d3d399ddc97acdfe93b373a417":["1626089176"],"_yoast_wpseo_primary_categoriaeventos":["172"],"event_ext":[""],"imagenslia":[""],"event_horario":[""],"event_horario_inicio":[""],"event_horario_fin":[""],"fechas":[""],"importe":[""],"inscripcion":[""],"botonve":[""],"botonveu":[""],"ponente":[""],"autor_o":[""],"nota":[""],"boton1":[""],"boton1u":[""],"event_date1":["1631750400"],"_yoast_wpseo_content_score":["90"],"_yoast_wpseo_estimated-reading-time-minutes":["1"],"_last_translation_edit_mode":["native-editor"],"dias":[";08-9-2021;16-9-2021;"],"event_date":["1631059200"],"event_location":["10067"],"_yoast_wpseo_metadesc":["Cine al aire libre en Bara\u00f1\u00e1in 2021\/Aire zabaleko zinema Bara\u00f1ainen 2021"],"_oembed_28dc3121e097e68c81c35eeb2cb3ce16":["<iframe title=\"Abuelos - Trailer (HD)\" width=\"1379\" height=\"776\" src=\"https:\/\/www.youtube.com\/embed\/kyFs0thUfpQ?feature=oembed\" frameborder=\"0\" allow=\"accelerometer; autoplay; clipboard-write; encrypted-media; gyroscope; picture-in-picture\" allowfullscreen><\/iframe>"],"_oembed_time_28dc3121e097e68c81c35eeb2cb3ce16":["1626080272"],"_oembed_34237c76e4308f030c997458035de29c":["<iframe title=\"Abuelos - Trailer (HD)\" width=\"500\" height=\"281\" src=\"https:\/\/www.youtube.com\/embed\/kyFs0thUfpQ?feature=oembed\" frameborder=\"0\" allow=\"accelerometer; autoplay; clipboard-write; encrypted-media; gyroscope; picture-in-picture\" allowfullscreen><\/iframe>"],"_oembed_time_34237c76e4308f030c997458035de29c":["1626080292"],"_oembed_cf554308413aff0126e2483c2d21b307":["<iframe title=\"Abuelos - Trailer (HD)\" width=\"1383\" height=\"778\" src=\"https:\/\/www.youtube.com\/embed\/kyFs0thUfpQ?feature=oembed\" frameborder=\"0\" allow=\"accelerometer; autoplay; clipboard-write; encrypted-media; gyroscope; picture-in-picture\" allowfullscreen><\/iframe>"],"_oembed_time_cf554308413aff0126e2483c2d21b307":["1626080300"],"_oembed_0e6c14be9ceaff82d6656e177f049821":["<iframe title=\"ASTERIX: EDABE MAGIKOAREN SEKRETUA - FILMAREN TRAILERRA\" width=\"1379\" height=\"776\" src=\"https:\/\/www.youtube.com\/embed\/CGBxpGM3QIM?feature=oembed\" frameborder=\"0\" allow=\"accelerometer; autoplay; clipboard-write; encrypted-media; gyroscope; picture-in-picture\" allowfullscreen><\/iframe>"],"_oembed_time_0e6c14be9ceaff82d6656e177f049821":["1626088934"],"_oembed_39d0e16f60a1985c9bc29ad88e221fae":["<iframe title=\"ASTERIX: EDABE MAGIKOAREN SEKRETUA - FILMAREN TRAILERRA\" width=\"1383\" height=\"778\" src=\"https:\/\/www.youtube.com\/embed\/CGBxpGM3QIM?feature=oembed\" frameborder=\"0\" allow=\"accelerometer; autoplay; clipboard-write; encrypted-media; gyroscope; picture-in-picture\" allowfullscreen><\/iframe>"],"_oembed_time_39d0e16f60a1985c9bc29ad88e221fae":["1626088947"],"_oembed_7e6eb3f9a5f368a3ec13d65051fff8cb":["<iframe title=\"ABOMINABLE - Tr\u00e1iler 1 (Universal Pictures) - HD\" width=\"1379\" height=\"776\" src=\"https:\/\/www.youtube.com\/embed\/PRrO7RJWYXU?feature=oembed\" frameborder=\"0\" allow=\"accelerometer; autoplay; clipboard-write; encrypted-media; gyroscope; picture-in-picture\" allowfullscreen><\/iframe>"],"_oembed_time_7e6eb3f9a5f368a3ec13d65051fff8cb":["1626089625"],"_oembed_53b1e3ffd3610cd7e2ddecced57127f1":["<iframe title=\"ABOMINABLE - Tr\u00e1iler 1 (Universal Pictures) - HD\" width=\"1383\" height=\"778\" src=\"https:\/\/www.youtube.com\/embed\/PRrO7RJWYXU?feature=oembed\" frameborder=\"0\" allow=\"accelerometer; autoplay; clipboard-write; encrypted-media; gyroscope; picture-in-picture\" allowfullscreen><\/iframe>"],"_oembed_time_53b1e3ffd3610cd7e2ddecced57127f1":["1626089639"],"_oembed_889452cc45bccd0d7693b30ced59966a":["<iframe title=\"Volando Juntos Trailer Oficial Espa\u00f1ol (2020)\" width=\"1379\" height=\"776\" src=\"https:\/\/www.youtube.com\/embed\/wTwk8sqlFMo?feature=oembed\" frameborder=\"0\" allow=\"accelerometer; autoplay; clipboard-write; encrypted-media; gyroscope; picture-in-picture\" allowfullscreen><\/iframe>"],"_oembed_time_889452cc45bccd0d7693b30ced59966a":["1626090495"],"_oembed_33c74189bbe1884ec8691ed476a0401f":["<iframe title=\"Volando Juntos Trailer Oficial Espa\u00f1ol (2020)\" width=\"500\" height=\"281\" src=\"https:\/\/www.youtube.com\/embed\/wTwk8sqlFMo?feature=oembed\" frameborder=\"0\" allow=\"accelerometer; autoplay; clipboard-write; encrypted-media; gyroscope; picture-in-picture\" allowfullscreen><\/iframe>"],"_oembed_time_33c74189bbe1884ec8691ed476a0401f":["1626090503"],"_oembed_d890108fecf6ece5bc204fe1a5cc34e3":["<iframe title=\"Volando Juntos Trailer Oficial Espa\u00f1ol (2020)\" width=\"1383\" height=\"778\" src=\"https:\/\/www.youtube.com\/embed\/wTwk8sqlFMo?feature=oembed\" frameborder=\"0\" allow=\"accelerometer; autoplay; clipboard-write; encrypted-media; gyroscope; picture-in-picture\" allowfullscreen><\/iframe>"],"_oembed_time_d890108fecf6ece5bc204fe1a5cc34e3":["1626090510"],"_edit_lock":["1631529344:19020"],"_edit_last":["19020"],"_thumbnail_id":["51347"]},"yoast_head":"<!-- This site is optimized with the Yoast SEO plugin v22.3 - https:\/\/yoast.com\/wordpress\/plugins\/seo\/ -->\r\n<title>Kultura Etxea - Erakusketa &quot;LA REINA DEL ARGA&quot; - Ayuntamiento de Bara\u00f1ain\/Bara\u00f1aingo Udala<\/title>\r\n<meta name=\"description\" content=\"Cine al aire libre en Bara\u00f1\u00e1in 2021\/Aire zabaleko zinema Bara\u00f1ainen 2021\" \/>\r\n<meta name=\"robots\" content=\"index, follow, max-snippet:-1, max-image-preview:large, max-video-preview:-1\" \/>\r\n<link rel=\"canonical\" href=\"https:\/\/www.baranain.es\/eu\/eventos\/kultura-etxea-erakusketa-la-reina-del-arga-terraza-con-arte-2021\/\" \/>\r\n<meta property=\"og:locale\" content=\"eu_ES\" \/>\r\n<meta property=\"og:type\" content=\"article\" \/>\r\n<meta property=\"og:title\" content=\"Kultura Etxea - Erakusketa &quot;LA REINA DEL ARGA&quot; - Ayuntamiento de Bara\u00f1ain\/Bara\u00f1aingo Udala\" \/>\r\n<meta property=\"og:description\" content=\"Cine al aire libre en Bara\u00f1\u00e1in 2021\/Aire zabaleko zinema Bara\u00f1ainen 2021\" \/>\r\n<meta property=\"og:url\" content=\"https:\/\/www.baranain.es\/eu\/eventos\/kultura-etxea-erakusketa-la-reina-del-arga-terraza-con-arte-2021\/\" \/>\r\n<meta property=\"og:site_name\" content=\"Ayuntamiento de Bara\u00f1ain\/Bara\u00f1aingo Udala\" \/>\r\n<meta property=\"article:modified_time\" content=\"2021-09-13T10:37:13+00:00\" \/>\r\n<meta property=\"og:image\" content=\"https:\/\/www.baranain.es\/wp-content\/uploads\/2021\/07\/CUL-Expo8-16sep-LaReinaArga-1.png\" \/>\r\n\t<meta property=\"og:image:width\" content=\"720\" \/>\r\n\t<meta property=\"og:image:height\" content=\"340\" \/>\r\n\t<meta property=\"og:image:type\" content=\"image\/png\" \/>\r\n<meta name=\"twitter:card\" content=\"summary_large_image\" \/>\r\n<meta name=\"twitter:label1\" content=\"Est. reading time\" \/>\n\t<meta name=\"twitter:data1\" content=\"1 minute\" \/>\r\n<script type=\"application\/ld+json\" class=\"yoast-schema-graph\">{\"@context\":\"https:\/\/schema.org\",\"@graph\":[{\"@type\":\"WebPage\",\"@id\":\"https:\/\/www.baranain.es\/eu\/eventos\/kultura-etxea-erakusketa-la-reina-del-arga-terraza-con-arte-2021\/\",\"url\":\"https:\/\/www.baranain.es\/eu\/eventos\/kultura-etxea-erakusketa-la-reina-del-arga-terraza-con-arte-2021\/\",\"name\":\"Kultura Etxea - Erakusketa \\\"LA REINA DEL ARGA\\\" - Ayuntamiento de Bara\u00f1ain\/Bara\u00f1aingo Udala\",\"isPartOf\":{\"@id\":\"https:\/\/www.baranain.es\/eu\/#website\"},\"primaryImageOfPage\":{\"@id\":\"https:\/\/www.baranain.es\/eu\/eventos\/kultura-etxea-erakusketa-la-reina-del-arga-terraza-con-arte-2021\/#primaryimage\"},\"image\":{\"@id\":\"https:\/\/www.baranain.es\/eu\/eventos\/kultura-etxea-erakusketa-la-reina-del-arga-terraza-con-arte-2021\/#primaryimage\"},\"thumbnailUrl\":\"https:\/\/www.baranain.es\/wp-content\/uploads\/2021\/07\/CUL-Expo8-16sep-LaReinaArga-1.png\",\"datePublished\":\"2021-07-16T07:31:55+00:00\",\"dateModified\":\"2021-09-13T10:37:13+00:00\",\"description\":\"Cine al aire libre en Bara\u00f1\u00e1in 2021\/Aire zabaleko zinema Bara\u00f1ainen 2021\",\"breadcrumb\":{\"@id\":\"https:\/\/www.baranain.es\/eu\/eventos\/kultura-etxea-erakusketa-la-reina-del-arga-terraza-con-arte-2021\/#breadcrumb\"},\"inLanguage\":\"eu-ES\",\"potentialAction\":[{\"@type\":\"ReadAction\",\"target\":[\"https:\/\/www.baranain.es\/eu\/eventos\/kultura-etxea-erakusketa-la-reina-del-arga-terraza-con-arte-2021\/\"]}]},{\"@type\":\"ImageObject\",\"inLanguage\":\"eu-ES\",\"@id\":\"https:\/\/www.baranain.es\/eu\/eventos\/kultura-etxea-erakusketa-la-reina-del-arga-terraza-con-arte-2021\/#primaryimage\",\"url\":\"https:\/\/www.baranain.es\/wp-content\/uploads\/2021\/07\/CUL-Expo8-16sep-LaReinaArga-1.png\",\"contentUrl\":\"https:\/\/www.baranain.es\/wp-content\/uploads\/2021\/07\/CUL-Expo8-16sep-LaReinaArga-1.png\",\"width\":720,\"height\":340},{\"@type\":\"BreadcrumbList\",\"@id\":\"https:\/\/www.baranain.es\/eu\/eventos\/kultura-etxea-erakusketa-la-reina-del-arga-terraza-con-arte-2021\/#breadcrumb\",\"itemListElement\":[{\"@type\":\"ListItem\",\"position\":1,\"name\":\"Home\",\"item\":\"https:\/\/www.baranain.es\/eu\/\"},{\"@type\":\"ListItem\",\"position\":2,\"name\":\"Eventos\",\"item\":\"https:\/\/www.baranain.es\/eventos\/\"},{\"@type\":\"ListItem\",\"position\":3,\"name\":\"Kultura Etxea &#8211; Erakusketa \u00abLA REINA DEL ARGA\u00bb\"}]},{\"@type\":\"WebSite\",\"@id\":\"https:\/\/www.baranain.es\/eu\/#website\",\"url\":\"https:\/\/www.baranain.es\/eu\/\",\"name\":\"Ayuntamiento de Bara\u00f1ain\/Bara\u00f1aingo Udala\",\"description\":\"Ayuntamiento de Bara\u00f1ain\/Bara\u00f1aingo Udala\",\"potentialAction\":[{\"@type\":\"SearchAction\",\"target\":{\"@type\":\"EntryPoint\",\"urlTemplate\":\"https:\/\/www.baranain.es\/eu\/?s={search_term_string}\"},\"query-input\":\"required name=search_term_string\"}],\"inLanguage\":\"eu-ES\"}]}<\/script>\r\n<!-- \/ Yoast SEO plugin. -->","yoast_head_json":{"title":"Kultura Etxea - Erakusketa \"LA REINA DEL ARGA\" - Ayuntamiento de Bara\u00f1ain\/Bara\u00f1aingo Udala","description":"Cine al aire libre en Bara\u00f1\u00e1in 2021\/Aire zabaleko zinema Bara\u00f1ainen 2021","robots":{"index":"index","follow":"follow","max-snippet":"max-snippet:-1","max-image-preview":"max-image-preview:large","max-video-preview":"max-video-preview:-1"},"canonical":"https:\/\/www.baranain.es\/eu\/eventos\/kultura-etxea-erakusketa-la-reina-del-arga-terraza-con-arte-2021\/","og_locale":"eu_ES","og_type":"article","og_title":"Kultura Etxea - Erakusketa \"LA REINA DEL ARGA\" - Ayuntamiento de Bara\u00f1ain\/Bara\u00f1aingo Udala","og_description":"Cine al aire libre en Bara\u00f1\u00e1in 2021\/Aire zabaleko zinema Bara\u00f1ainen 2021","og_url":"https:\/\/www.baranain.es\/eu\/eventos\/kultura-etxea-erakusketa-la-reina-del-arga-terraza-con-arte-2021\/","og_site_name":"Ayuntamiento de Bara\u00f1ain\/Bara\u00f1aingo Udala","article_modified_time":"2021-09-13T10:37:13+00:00","og_image":[{"width":720,"height":340,"url":"https:\/\/www.baranain.es\/wp-content\/uploads\/2021\/07\/CUL-Expo8-16sep-LaReinaArga-1.png","type":"image\/png"}],"twitter_card":"summary_large_image","twitter_misc":{"Est. reading time":"1 minute"},"schema":{"@context":"https:\/\/schema.org","@graph":[{"@type":"WebPage","@id":"https:\/\/www.baranain.es\/eu\/eventos\/kultura-etxea-erakusketa-la-reina-del-arga-terraza-con-arte-2021\/","url":"https:\/\/www.baranain.es\/eu\/eventos\/kultura-etxea-erakusketa-la-reina-del-arga-terraza-con-arte-2021\/","name":"Kultura Etxea - Erakusketa \"LA REINA DEL ARGA\" - Ayuntamiento de Bara\u00f1ain\/Bara\u00f1aingo Udala","isPartOf":{"@id":"https:\/\/www.baranain.es\/eu\/#website"},"primaryImageOfPage":{"@id":"https:\/\/www.baranain.es\/eu\/eventos\/kultura-etxea-erakusketa-la-reina-del-arga-terraza-con-arte-2021\/#primaryimage"},"image":{"@id":"https:\/\/www.baranain.es\/eu\/eventos\/kultura-etxea-erakusketa-la-reina-del-arga-terraza-con-arte-2021\/#primaryimage"},"thumbnailUrl":"https:\/\/www.baranain.es\/wp-content\/uploads\/2021\/07\/CUL-Expo8-16sep-LaReinaArga-1.png","datePublished":"2021-07-16T07:31:55+00:00","dateModified":"2021-09-13T10:37:13+00:00","description":"Cine al aire libre en Bara\u00f1\u00e1in 2021\/Aire zabaleko zinema Bara\u00f1ainen 2021","breadcrumb":{"@id":"https:\/\/www.baranain.es\/eu\/eventos\/kultura-etxea-erakusketa-la-reina-del-arga-terraza-con-arte-2021\/#breadcrumb"},"inLanguage":"eu-ES","potentialAction":[{"@type":"ReadAction","target":["https:\/\/www.baranain.es\/eu\/eventos\/kultura-etxea-erakusketa-la-reina-del-arga-terraza-con-arte-2021\/"]}]},{"@type":"ImageObject","inLanguage":"eu-ES","@id":"https:\/\/www.baranain.es\/eu\/eventos\/kultura-etxea-erakusketa-la-reina-del-arga-terraza-con-arte-2021\/#primaryimage","url":"https:\/\/www.baranain.es\/wp-content\/uploads\/2021\/07\/CUL-Expo8-16sep-LaReinaArga-1.png","contentUrl":"https:\/\/www.baranain.es\/wp-content\/uploads\/2021\/07\/CUL-Expo8-16sep-LaReinaArga-1.png","width":720,"height":340},{"@type":"BreadcrumbList","@id":"https:\/\/www.baranain.es\/eu\/eventos\/kultura-etxea-erakusketa-la-reina-del-arga-terraza-con-arte-2021\/#breadcrumb","itemListElement":[{"@type":"ListItem","position":1,"name":"Home","item":"https:\/\/www.baranain.es\/eu\/"},{"@type":"ListItem","position":2,"name":"Eventos","item":"https:\/\/www.baranain.es\/eventos\/"},{"@type":"ListItem","position":3,"name":"Kultura Etxea &#8211; Erakusketa \u00abLA REINA DEL ARGA\u00bb"}]},{"@type":"WebSite","@id":"https:\/\/www.baranain.es\/eu\/#website","url":"https:\/\/www.baranain.es\/eu\/","name":"Ayuntamiento de Bara\u00f1ain\/Bara\u00f1aingo Udala","description":"Ayuntamiento de Bara\u00f1ain\/Bara\u00f1aingo Udala","potentialAction":[{"@type":"SearchAction","target":{"@type":"EntryPoint","urlTemplate":"https:\/\/www.baranain.es\/eu\/?s={search_term_string}"},"query-input":"required name=search_term_string"}],"inLanguage":"eu-ES"}]}},"_links":{"self":[{"href":"https:\/\/www.baranain.es\/eu\/wp-json\/wp\/v2\/eventos\/51312"}],"collection":[{"href":"https:\/\/www.baranain.es\/eu\/wp-json\/wp\/v2\/eventos"}],"about":[{"href":"https:\/\/www.baranain.es\/eu\/wp-json\/wp\/v2\/types\/eventos"}],"replies":[{"embeddable":true,"href":"https:\/\/www.baranain.es\/eu\/wp-json\/wp\/v2\/comments?post=51312"}],"wp:featuredmedia":[{"embeddable":true,"href":"https:\/\/www.baranain.es\/eu\/wp-json\/wp\/v2\/media\/51347"}],"wp:attachment":[{"href":"https:\/\/www.baranain.es\/eu\/wp-json\/wp\/v2\/media?parent=51312"}],"curies":[{"name":"wp","href":"https:\/\/api.w.org\/{rel}","templated":true}]}}