{"id":51212,"date":"2021-07-12T12:21:09","date_gmt":"2021-07-12T11:21:09","guid":{"rendered":"https:\/\/www.baranain.es\/eventos\/cultura-asterix-edabe-magikoaren-sekretua-3a-pelicula\/"},"modified":"2021-07-12T12:27:52","modified_gmt":"2021-07-12T11:27:52","slug":"cultura-asterix-edabe-magikoaren-sekretua-3a-pelicula","status":"publish","type":"eventos","link":"https:\/\/www.baranain.es\/eu\/eventos\/cultura-asterix-edabe-magikoaren-sekretua-3a-pelicula\/","title":{"rendered":"Kultura &#8211; &#8220;AST\u00c9RIX: EDABE MAGIKOAREN SEKRETUA&#8221; &#8211; 3. filma"},"content":{"rendered":"<p><strong>ANTOLATZAILE<\/strong>: BUKA (Bara\u00f1aingo Udalaren Kultura Arloa). <a href=\"https:\/\/www.baranain.es\/wp-content\/uploads\/2021\/07\/CUL-SINOPSIS-cineJulioAgosto2021.pdf\">Egitarau osoa AIRE ZABALEKO ZINEMA Uztaila-Abuztua 2021<\/a><\/p>\n<p><em>Familientzako zinema<\/em><\/p>\n<p><iframe loading=\"lazy\" title=\"ASTERIX: EDABE MAGIKOAREN SEKRETUA - FILMAREN TRAILERRA\" width=\"500\" height=\"281\" src=\"https:\/\/www.youtube.com\/embed\/CGBxpGM3QIM?feature=oembed\" frameborder=\"0\" allow=\"accelerometer; autoplay; clipboard-write; encrypted-media; gyroscope; picture-in-picture\" allowfullscreen><\/iframe><\/p>\n<p>&nbsp;<\/p>\n<p><a href=\"https:\/\/www.baranain.es\/wp-content\/uploads\/2021\/07\/CUL-Asterix-t-1.png\"><img loading=\"lazy\" decoding=\"async\" class=\"alignnone size-full wp-image-51185\" src=\"https:\/\/www.baranain.es\/wp-content\/uploads\/2021\/07\/CUL-Asterix-t-1.png\" alt=\"\" width=\"855\" height=\"1084\" srcset=\"https:\/\/www.baranain.es\/wp-content\/uploads\/2021\/07\/CUL-Asterix-t-1.png 855w, https:\/\/www.baranain.es\/wp-content\/uploads\/2021\/07\/CUL-Asterix-t-1-237x300.png 237w, https:\/\/www.baranain.es\/wp-content\/uploads\/2021\/07\/CUL-Asterix-t-1-808x1024.png 808w, https:\/\/www.baranain.es\/wp-content\/uploads\/2021\/07\/CUL-Asterix-t-1-768x974.png 768w, https:\/\/www.baranain.es\/wp-content\/uploads\/2021\/07\/CUL-Asterix-t-1-300x380.png 300w, https:\/\/www.baranain.es\/wp-content\/uploads\/2021\/07\/CUL-Asterix-t-1-91x115.png 91w\" sizes=\"(max-width: 855px) 100vw, 855px\" \/><\/a><\/p>\n<p>&nbsp;<\/p>\n","protected":false},"featured_media":51203,"comment_status":"closed","ping_status":"closed","template":"","meta":{"_wpml_media_has_media":["1"],"_wpml_word_count":["{\"total\":0,\"to_translate\":{\"eu\":37,\"es\":37}}"],"_oembed_23ac99d3d399ddc97acdfe93b373a417":["<iframe title=\"ASTERIX: EDABE MAGIKOAREN SEKRETUA - FILMAREN TRAILERRA\" width=\"500\" height=\"281\" src=\"https:\/\/www.youtube.com\/embed\/CGBxpGM3QIM?feature=oembed\" frameborder=\"0\" allow=\"accelerometer; autoplay; clipboard-write; encrypted-media; gyroscope; picture-in-picture\" allowfullscreen><\/iframe>"],"_oembed_time_23ac99d3d399ddc97acdfe93b373a417":["1626089176"],"_wpml_media_featured":["1","1","1","1","1"],"_wpml_media_duplicate":["1","1","1","1","1"],"_yoast_wpseo_primary_categoriaeventos":["164"],"event_ext":[""],"imagenslia":[""],"event_horario":["22:00 "],"event_horario_inicio":["22:00"],"event_horario_fin":[""],"fechas":[""],"importe":[""],"inscripcion":[""],"botonve":[""],"botonveu":[""],"ponente":[""],"autor_o":[""],"nota":[""],"boton1":[""],"boton1u":[""],"event_date1":["1629331200"],"_yoast_wpseo_content_score":["60"],"_yoast_wpseo_estimated-reading-time-minutes":["1"],"_last_translation_edit_mode":["native-editor"],"dias":[";19-8-2021;"],"event_date":["1629331200"],"event_location":["10067"],"_yoast_wpseo_metadesc":["Cine al aire libre en Bara\u00f1\u00e1in 2021\/Aire zabaleko zinema Bara\u00f1ainen 2021"],"_oembed_28dc3121e097e68c81c35eeb2cb3ce16":["<iframe title=\"Abuelos - Trailer (HD)\" width=\"1379\" height=\"776\" src=\"https:\/\/www.youtube.com\/embed\/kyFs0thUfpQ?feature=oembed\" frameborder=\"0\" allow=\"accelerometer; autoplay; clipboard-write; encrypted-media; gyroscope; picture-in-picture\" allowfullscreen><\/iframe>"],"_oembed_time_28dc3121e097e68c81c35eeb2cb3ce16":["1626080272"],"_oembed_34237c76e4308f030c997458035de29c":["<iframe title=\"Abuelos - Trailer (HD)\" width=\"500\" height=\"281\" src=\"https:\/\/www.youtube.com\/embed\/kyFs0thUfpQ?feature=oembed\" frameborder=\"0\" allow=\"accelerometer; autoplay; clipboard-write; encrypted-media; gyroscope; picture-in-picture\" allowfullscreen><\/iframe>"],"_oembed_time_34237c76e4308f030c997458035de29c":["1626080292"],"_oembed_cf554308413aff0126e2483c2d21b307":["<iframe title=\"Abuelos - Trailer (HD)\" width=\"1383\" height=\"778\" src=\"https:\/\/www.youtube.com\/embed\/kyFs0thUfpQ?feature=oembed\" frameborder=\"0\" allow=\"accelerometer; autoplay; clipboard-write; encrypted-media; gyroscope; picture-in-picture\" allowfullscreen><\/iframe>"],"_oembed_time_cf554308413aff0126e2483c2d21b307":["1626080300"],"_oembed_0e6c14be9ceaff82d6656e177f049821":["<iframe title=\"ASTERIX: EDABE MAGIKOAREN SEKRETUA - FILMAREN TRAILERRA\" width=\"1379\" height=\"776\" src=\"https:\/\/www.youtube.com\/embed\/CGBxpGM3QIM?feature=oembed\" frameborder=\"0\" allow=\"accelerometer; autoplay; clipboard-write; encrypted-media; gyroscope; picture-in-picture\" allowfullscreen><\/iframe>"],"_oembed_time_0e6c14be9ceaff82d6656e177f049821":["1626088934"],"_oembed_39d0e16f60a1985c9bc29ad88e221fae":["<iframe title=\"ASTERIX: EDABE MAGIKOAREN SEKRETUA - FILMAREN TRAILERRA\" width=\"1383\" height=\"778\" src=\"https:\/\/www.youtube.com\/embed\/CGBxpGM3QIM?feature=oembed\" frameborder=\"0\" allow=\"accelerometer; autoplay; clipboard-write; encrypted-media; gyroscope; picture-in-picture\" allowfullscreen><\/iframe>"],"_oembed_time_39d0e16f60a1985c9bc29ad88e221fae":["1626088947"],"_thumbnail_id":["51203"],"_edit_lock":["1626089329:19020"],"_edit_last":["19020"]},"yoast_head":"<!-- This site is optimized with the Yoast SEO plugin v22.3 - https:\/\/yoast.com\/wordpress\/plugins\/seo\/ -->\r\n<title>Kultura - &quot;AST\u00c9RIX: EDABE MAGIKOAREN SEKRETUA&quot; - 3. filma - Ayuntamiento de Bara\u00f1ain\/Bara\u00f1aingo Udala<\/title>\r\n<meta name=\"description\" content=\"Cine al aire libre en Bara\u00f1\u00e1in 2021\/Aire zabaleko zinema Bara\u00f1ainen 2021\" \/>\r\n<meta name=\"robots\" content=\"index, follow, max-snippet:-1, max-image-preview:large, max-video-preview:-1\" \/>\r\n<link rel=\"canonical\" href=\"https:\/\/www.baranain.es\/eu\/eventos\/cultura-asterix-edabe-magikoaren-sekretua-3a-pelicula\/\" \/>\r\n<meta property=\"og:locale\" content=\"eu_ES\" \/>\r\n<meta property=\"og:type\" content=\"article\" \/>\r\n<meta property=\"og:title\" content=\"Kultura - &quot;AST\u00c9RIX: EDABE MAGIKOAREN SEKRETUA&quot; - 3. filma - Ayuntamiento de Bara\u00f1ain\/Bara\u00f1aingo Udala\" \/>\r\n<meta property=\"og:description\" content=\"Cine al aire libre en Bara\u00f1\u00e1in 2021\/Aire zabaleko zinema Bara\u00f1ainen 2021\" \/>\r\n<meta property=\"og:url\" content=\"https:\/\/www.baranain.es\/eu\/eventos\/cultura-asterix-edabe-magikoaren-sekretua-3a-pelicula\/\" \/>\r\n<meta property=\"og:site_name\" content=\"Ayuntamiento de Bara\u00f1ain\/Bara\u00f1aingo Udala\" \/>\r\n<meta property=\"article:modified_time\" content=\"2021-07-12T11:27:52+00:00\" \/>\r\n<meta property=\"og:image\" content=\"https:\/\/www.baranain.es\/wp-content\/uploads\/2021\/07\/CUL-CineVerano2021UdakoZinea-1.png\" \/>\r\n\t<meta property=\"og:image:width\" content=\"720\" \/>\r\n\t<meta property=\"og:image:height\" content=\"341\" \/>\r\n\t<meta property=\"og:image:type\" content=\"image\/png\" \/>\r\n<meta name=\"twitter:card\" content=\"summary_large_image\" \/>\r\n<meta name=\"twitter:label1\" content=\"Est. reading time\" \/>\n\t<meta name=\"twitter:data1\" content=\"1 minute\" \/>\r\n<script type=\"application\/ld+json\" class=\"yoast-schema-graph\">{\"@context\":\"https:\/\/schema.org\",\"@graph\":[{\"@type\":\"WebPage\",\"@id\":\"https:\/\/www.baranain.es\/eu\/eventos\/cultura-asterix-edabe-magikoaren-sekretua-3a-pelicula\/\",\"url\":\"https:\/\/www.baranain.es\/eu\/eventos\/cultura-asterix-edabe-magikoaren-sekretua-3a-pelicula\/\",\"name\":\"Kultura - \\\"AST\u00c9RIX: EDABE MAGIKOAREN SEKRETUA\\\" - 3. filma - Ayuntamiento de Bara\u00f1ain\/Bara\u00f1aingo Udala\",\"isPartOf\":{\"@id\":\"https:\/\/www.baranain.es\/eu\/#website\"},\"primaryImageOfPage\":{\"@id\":\"https:\/\/www.baranain.es\/eu\/eventos\/cultura-asterix-edabe-magikoaren-sekretua-3a-pelicula\/#primaryimage\"},\"image\":{\"@id\":\"https:\/\/www.baranain.es\/eu\/eventos\/cultura-asterix-edabe-magikoaren-sekretua-3a-pelicula\/#primaryimage\"},\"thumbnailUrl\":\"https:\/\/www.baranain.es\/wp-content\/uploads\/2021\/07\/CUL-CineVerano2021UdakoZinea-1.png\",\"datePublished\":\"2021-07-12T11:21:09+00:00\",\"dateModified\":\"2021-07-12T11:27:52+00:00\",\"description\":\"Cine al aire libre en Bara\u00f1\u00e1in 2021\/Aire zabaleko zinema Bara\u00f1ainen 2021\",\"breadcrumb\":{\"@id\":\"https:\/\/www.baranain.es\/eu\/eventos\/cultura-asterix-edabe-magikoaren-sekretua-3a-pelicula\/#breadcrumb\"},\"inLanguage\":\"eu-ES\",\"potentialAction\":[{\"@type\":\"ReadAction\",\"target\":[\"https:\/\/www.baranain.es\/eu\/eventos\/cultura-asterix-edabe-magikoaren-sekretua-3a-pelicula\/\"]}]},{\"@type\":\"ImageObject\",\"inLanguage\":\"eu-ES\",\"@id\":\"https:\/\/www.baranain.es\/eu\/eventos\/cultura-asterix-edabe-magikoaren-sekretua-3a-pelicula\/#primaryimage\",\"url\":\"https:\/\/www.baranain.es\/wp-content\/uploads\/2021\/07\/CUL-CineVerano2021UdakoZinea-1.png\",\"contentUrl\":\"https:\/\/www.baranain.es\/wp-content\/uploads\/2021\/07\/CUL-CineVerano2021UdakoZinea-1.png\",\"width\":720,\"height\":341},{\"@type\":\"BreadcrumbList\",\"@id\":\"https:\/\/www.baranain.es\/eu\/eventos\/cultura-asterix-edabe-magikoaren-sekretua-3a-pelicula\/#breadcrumb\",\"itemListElement\":[{\"@type\":\"ListItem\",\"position\":1,\"name\":\"Home\",\"item\":\"https:\/\/www.baranain.es\/eu\/\"},{\"@type\":\"ListItem\",\"position\":2,\"name\":\"Eventos\",\"item\":\"https:\/\/www.baranain.es\/eventos\/\"},{\"@type\":\"ListItem\",\"position\":3,\"name\":\"Kultura &#8211; \u00abAST\u00c9RIX: EDABE MAGIKOAREN SEKRETUA\u00bb &#8211; 3. filma\"}]},{\"@type\":\"WebSite\",\"@id\":\"https:\/\/www.baranain.es\/eu\/#website\",\"url\":\"https:\/\/www.baranain.es\/eu\/\",\"name\":\"Ayuntamiento de Bara\u00f1ain\/Bara\u00f1aingo Udala\",\"description\":\"Ayuntamiento de Bara\u00f1ain\/Bara\u00f1aingo Udala\",\"potentialAction\":[{\"@type\":\"SearchAction\",\"target\":{\"@type\":\"EntryPoint\",\"urlTemplate\":\"https:\/\/www.baranain.es\/eu\/?s={search_term_string}\"},\"query-input\":\"required name=search_term_string\"}],\"inLanguage\":\"eu-ES\"}]}<\/script>\r\n<!-- \/ Yoast SEO plugin. -->","yoast_head_json":{"title":"Kultura - \"AST\u00c9RIX: EDABE MAGIKOAREN SEKRETUA\" - 3. filma - Ayuntamiento de Bara\u00f1ain\/Bara\u00f1aingo Udala","description":"Cine al aire libre en Bara\u00f1\u00e1in 2021\/Aire zabaleko zinema Bara\u00f1ainen 2021","robots":{"index":"index","follow":"follow","max-snippet":"max-snippet:-1","max-image-preview":"max-image-preview:large","max-video-preview":"max-video-preview:-1"},"canonical":"https:\/\/www.baranain.es\/eu\/eventos\/cultura-asterix-edabe-magikoaren-sekretua-3a-pelicula\/","og_locale":"eu_ES","og_type":"article","og_title":"Kultura - \"AST\u00c9RIX: EDABE MAGIKOAREN SEKRETUA\" - 3. filma - Ayuntamiento de Bara\u00f1ain\/Bara\u00f1aingo Udala","og_description":"Cine al aire libre en Bara\u00f1\u00e1in 2021\/Aire zabaleko zinema Bara\u00f1ainen 2021","og_url":"https:\/\/www.baranain.es\/eu\/eventos\/cultura-asterix-edabe-magikoaren-sekretua-3a-pelicula\/","og_site_name":"Ayuntamiento de Bara\u00f1ain\/Bara\u00f1aingo Udala","article_modified_time":"2021-07-12T11:27:52+00:00","og_image":[{"width":720,"height":341,"url":"https:\/\/www.baranain.es\/wp-content\/uploads\/2021\/07\/CUL-CineVerano2021UdakoZinea-1.png","type":"image\/png"}],"twitter_card":"summary_large_image","twitter_misc":{"Est. reading time":"1 minute"},"schema":{"@context":"https:\/\/schema.org","@graph":[{"@type":"WebPage","@id":"https:\/\/www.baranain.es\/eu\/eventos\/cultura-asterix-edabe-magikoaren-sekretua-3a-pelicula\/","url":"https:\/\/www.baranain.es\/eu\/eventos\/cultura-asterix-edabe-magikoaren-sekretua-3a-pelicula\/","name":"Kultura - \"AST\u00c9RIX: EDABE MAGIKOAREN SEKRETUA\" - 3. filma - Ayuntamiento de Bara\u00f1ain\/Bara\u00f1aingo Udala","isPartOf":{"@id":"https:\/\/www.baranain.es\/eu\/#website"},"primaryImageOfPage":{"@id":"https:\/\/www.baranain.es\/eu\/eventos\/cultura-asterix-edabe-magikoaren-sekretua-3a-pelicula\/#primaryimage"},"image":{"@id":"https:\/\/www.baranain.es\/eu\/eventos\/cultura-asterix-edabe-magikoaren-sekretua-3a-pelicula\/#primaryimage"},"thumbnailUrl":"https:\/\/www.baranain.es\/wp-content\/uploads\/2021\/07\/CUL-CineVerano2021UdakoZinea-1.png","datePublished":"2021-07-12T11:21:09+00:00","dateModified":"2021-07-12T11:27:52+00:00","description":"Cine al aire libre en Bara\u00f1\u00e1in 2021\/Aire zabaleko zinema Bara\u00f1ainen 2021","breadcrumb":{"@id":"https:\/\/www.baranain.es\/eu\/eventos\/cultura-asterix-edabe-magikoaren-sekretua-3a-pelicula\/#breadcrumb"},"inLanguage":"eu-ES","potentialAction":[{"@type":"ReadAction","target":["https:\/\/www.baranain.es\/eu\/eventos\/cultura-asterix-edabe-magikoaren-sekretua-3a-pelicula\/"]}]},{"@type":"ImageObject","inLanguage":"eu-ES","@id":"https:\/\/www.baranain.es\/eu\/eventos\/cultura-asterix-edabe-magikoaren-sekretua-3a-pelicula\/#primaryimage","url":"https:\/\/www.baranain.es\/wp-content\/uploads\/2021\/07\/CUL-CineVerano2021UdakoZinea-1.png","contentUrl":"https:\/\/www.baranain.es\/wp-content\/uploads\/2021\/07\/CUL-CineVerano2021UdakoZinea-1.png","width":720,"height":341},{"@type":"BreadcrumbList","@id":"https:\/\/www.baranain.es\/eu\/eventos\/cultura-asterix-edabe-magikoaren-sekretua-3a-pelicula\/#breadcrumb","itemListElement":[{"@type":"ListItem","position":1,"name":"Home","item":"https:\/\/www.baranain.es\/eu\/"},{"@type":"ListItem","position":2,"name":"Eventos","item":"https:\/\/www.baranain.es\/eventos\/"},{"@type":"ListItem","position":3,"name":"Kultura &#8211; \u00abAST\u00c9RIX: EDABE MAGIKOAREN SEKRETUA\u00bb &#8211; 3. filma"}]},{"@type":"WebSite","@id":"https:\/\/www.baranain.es\/eu\/#website","url":"https:\/\/www.baranain.es\/eu\/","name":"Ayuntamiento de Bara\u00f1ain\/Bara\u00f1aingo Udala","description":"Ayuntamiento de Bara\u00f1ain\/Bara\u00f1aingo Udala","potentialAction":[{"@type":"SearchAction","target":{"@type":"EntryPoint","urlTemplate":"https:\/\/www.baranain.es\/eu\/?s={search_term_string}"},"query-input":"required name=search_term_string"}],"inLanguage":"eu-ES"}]}},"_links":{"self":[{"href":"https:\/\/www.baranain.es\/eu\/wp-json\/wp\/v2\/eventos\/51212"}],"collection":[{"href":"https:\/\/www.baranain.es\/eu\/wp-json\/wp\/v2\/eventos"}],"about":[{"href":"https:\/\/www.baranain.es\/eu\/wp-json\/wp\/v2\/types\/eventos"}],"replies":[{"embeddable":true,"href":"https:\/\/www.baranain.es\/eu\/wp-json\/wp\/v2\/comments?post=51212"}],"wp:featuredmedia":[{"embeddable":true,"href":"https:\/\/www.baranain.es\/eu\/wp-json\/wp\/v2\/media\/51203"}],"wp:attachment":[{"href":"https:\/\/www.baranain.es\/eu\/wp-json\/wp\/v2\/media?parent=51212"}],"curies":[{"name":"wp","href":"https:\/\/api.w.org\/{rel}","templated":true}]}}