{"id":51209,"date":"2021-07-12T12:03:33","date_gmt":"2021-07-12T11:03:33","guid":{"rendered":"https:\/\/www.baranain.es\/eventos\/cultura-las-aventuras-del-doctor-dolittle-2a-pelicula\/"},"modified":"2021-07-12T12:23:34","modified_gmt":"2021-07-12T11:23:34","slug":"cultura-las-aventuras-del-doctor-dolittle-2a-pelicula","status":"publish","type":"eventos","link":"https:\/\/www.baranain.es\/eu\/eventos\/cultura-las-aventuras-del-doctor-dolittle-2a-pelicula\/","title":{"rendered":"Kultura &#8211; &#8220;LAS AVENTURAS DEL DOCTOR DOLITTLE&#8221; &#8211; 2. filma"},"content":{"rendered":"<p><strong>ANTOLATZAILE<\/strong>: BUKA (Bara\u00f1aingo Udalaren Kultura Arloa). <a href=\"https:\/\/www.baranain.es\/wp-content\/uploads\/2021\/07\/CUL-SINOPSIS-cineJulioAgosto2021.pdf\">Egitarau osoa AIRE ZABALEKO ZINEMA Uztaila-Abuztua 2021<\/a><\/p>\n<p><em>Familientzako zinema<\/em><\/p>\n<p><iframe loading=\"lazy\" title=\"Las aventuras del doctor Dolittle (2020) Tr\u00e1iler Oficial Espa\u00f1ol\" width=\"500\" height=\"281\" src=\"https:\/\/www.youtube.com\/embed\/aZjg3-fPU3k?feature=oembed\" frameborder=\"0\" allow=\"accelerometer; autoplay; clipboard-write; encrypted-media; gyroscope; picture-in-picture\" allowfullscreen><\/iframe><\/p>\n<p>&nbsp;<\/p>\n<p><a href=\"https:\/\/www.baranain.es\/wp-content\/uploads\/2021\/07\/CUL-DrDolittle-t-1.png\"><img loading=\"lazy\" decoding=\"async\" class=\"alignnone size-full wp-image-51187\" src=\"https:\/\/www.baranain.es\/wp-content\/uploads\/2021\/07\/CUL-DrDolittle-t-1.png\" alt=\"\" width=\"839\" height=\"1045\" srcset=\"https:\/\/www.baranain.es\/wp-content\/uploads\/2021\/07\/CUL-DrDolittle-t-1.png 839w, https:\/\/www.baranain.es\/wp-content\/uploads\/2021\/07\/CUL-DrDolittle-t-1-241x300.png 241w, https:\/\/www.baranain.es\/wp-content\/uploads\/2021\/07\/CUL-DrDolittle-t-1-822x1024.png 822w, https:\/\/www.baranain.es\/wp-content\/uploads\/2021\/07\/CUL-DrDolittle-t-1-768x957.png 768w, https:\/\/www.baranain.es\/wp-content\/uploads\/2021\/07\/CUL-DrDolittle-t-1-300x374.png 300w, https:\/\/www.baranain.es\/wp-content\/uploads\/2021\/07\/CUL-DrDolittle-t-1-92x115.png 92w\" sizes=\"(max-width: 839px) 100vw, 839px\" \/><\/a><\/p>\n<p>&nbsp;<\/p>\n","protected":false},"featured_media":51203,"comment_status":"closed","ping_status":"closed","template":"","meta":{"_wpml_media_has_media":["1"],"_wpml_word_count":["{\"total\":0,\"to_translate\":{\"eu\":39,\"es\":39}}"],"_oembed_73b1c648faea667e2fca4890f6e5e4f5":["<iframe title=\"Las aventuras del doctor Dolittle (2020) Tr\u00e1iler Oficial Espa\u00f1ol\" width=\"500\" height=\"281\" src=\"https:\/\/www.youtube.com\/embed\/aZjg3-fPU3k?feature=oembed\" frameborder=\"0\" allow=\"accelerometer; autoplay; clipboard-write; encrypted-media; gyroscope; picture-in-picture\" allowfullscreen><\/iframe>"],"_oembed_time_73b1c648faea667e2fca4890f6e5e4f5":["1626088185"],"_wpml_media_featured":["1","1","1","1","1"],"_wpml_media_duplicate":["1","1","1","1","1"],"_yoast_wpseo_primary_categoriaeventos":["164"],"event_ext":[""],"imagenslia":[""],"event_horario":["22:00 "],"event_horario_inicio":["22:00"],"event_horario_fin":[""],"fechas":[""],"importe":[""],"inscripcion":[""],"botonve":[""],"botonveu":[""],"ponente":[""],"autor_o":[""],"nota":[""],"boton1":[""],"boton1u":[""],"event_date1":["1628121600"],"_yoast_wpseo_content_score":["60"],"_yoast_wpseo_estimated-reading-time-minutes":["1"],"_last_translation_edit_mode":["native-editor"],"dias":[";05-8-2021;"],"event_date":["1628121600"],"event_location":["10067"],"_yoast_wpseo_metadesc":["Cine al aire libre en Bara\u00f1\u00e1in 2021\/Aire zabaleko zinema Bara\u00f1ainen 2021"],"_oembed_28dc3121e097e68c81c35eeb2cb3ce16":["<iframe title=\"Abuelos - Trailer (HD)\" width=\"1379\" height=\"776\" src=\"https:\/\/www.youtube.com\/embed\/kyFs0thUfpQ?feature=oembed\" frameborder=\"0\" allow=\"accelerometer; autoplay; clipboard-write; encrypted-media; gyroscope; picture-in-picture\" allowfullscreen><\/iframe>"],"_oembed_time_28dc3121e097e68c81c35eeb2cb3ce16":["1626080272"],"_oembed_34237c76e4308f030c997458035de29c":["<iframe title=\"Abuelos - Trailer (HD)\" width=\"500\" height=\"281\" src=\"https:\/\/www.youtube.com\/embed\/kyFs0thUfpQ?feature=oembed\" frameborder=\"0\" allow=\"accelerometer; autoplay; clipboard-write; encrypted-media; gyroscope; picture-in-picture\" allowfullscreen><\/iframe>"],"_oembed_time_34237c76e4308f030c997458035de29c":["1626080292"],"_oembed_cf554308413aff0126e2483c2d21b307":["<iframe title=\"Abuelos - Trailer (HD)\" width=\"1383\" height=\"778\" src=\"https:\/\/www.youtube.com\/embed\/kyFs0thUfpQ?feature=oembed\" frameborder=\"0\" allow=\"accelerometer; autoplay; clipboard-write; encrypted-media; gyroscope; picture-in-picture\" allowfullscreen><\/iframe>"],"_oembed_time_cf554308413aff0126e2483c2d21b307":["1626080300"],"_oembed_bf3f40ad84ce56be97e687bb84698f9b":["<iframe title=\"Las aventuras del doctor Dolittle (2020) Tr\u00e1iler Oficial Espa\u00f1ol\" width=\"1379\" height=\"776\" src=\"https:\/\/www.youtube.com\/embed\/aZjg3-fPU3k?feature=oembed\" frameborder=\"0\" allow=\"accelerometer; autoplay; clipboard-write; encrypted-media; gyroscope; picture-in-picture\" allowfullscreen><\/iframe>"],"_oembed_time_bf3f40ad84ce56be97e687bb84698f9b":["1626087871"],"_oembed_aa31b5ddc13595b79a429610e45d11fb":["<iframe title=\"Las aventuras del doctor Dolittle (2020) Tr\u00e1iler Oficial Espa\u00f1ol\" width=\"1383\" height=\"778\" src=\"https:\/\/www.youtube.com\/embed\/aZjg3-fPU3k?feature=oembed\" frameborder=\"0\" allow=\"accelerometer; autoplay; clipboard-write; encrypted-media; gyroscope; picture-in-picture\" allowfullscreen><\/iframe>"],"_oembed_time_aa31b5ddc13595b79a429610e45d11fb":["1626087885"],"_thumbnail_id":["51203"],"_edit_lock":["1626088884:19020"],"_edit_last":["19020"]},"yoast_head":"<!-- This site is optimized with the Yoast SEO plugin v22.3 - https:\/\/yoast.com\/wordpress\/plugins\/seo\/ -->\r\n<title>Kultura - &quot;LAS AVENTURAS DEL DOCTOR DOLITTLE&quot; - 2. filma - Ayuntamiento de Bara\u00f1ain\/Bara\u00f1aingo Udala<\/title>\r\n<meta name=\"description\" content=\"Cine al aire libre en Bara\u00f1\u00e1in 2021\/Aire zabaleko zinema Bara\u00f1ainen 2021\" \/>\r\n<meta name=\"robots\" content=\"index, follow, max-snippet:-1, max-image-preview:large, max-video-preview:-1\" \/>\r\n<link rel=\"canonical\" href=\"https:\/\/www.baranain.es\/eu\/eventos\/cultura-las-aventuras-del-doctor-dolittle-2a-pelicula\/\" \/>\r\n<meta property=\"og:locale\" content=\"eu_ES\" \/>\r\n<meta property=\"og:type\" content=\"article\" \/>\r\n<meta property=\"og:title\" content=\"Kultura - &quot;LAS AVENTURAS DEL DOCTOR DOLITTLE&quot; - 2. filma - Ayuntamiento de Bara\u00f1ain\/Bara\u00f1aingo Udala\" \/>\r\n<meta property=\"og:description\" content=\"Cine al aire libre en Bara\u00f1\u00e1in 2021\/Aire zabaleko zinema Bara\u00f1ainen 2021\" \/>\r\n<meta property=\"og:url\" content=\"https:\/\/www.baranain.es\/eu\/eventos\/cultura-las-aventuras-del-doctor-dolittle-2a-pelicula\/\" \/>\r\n<meta property=\"og:site_name\" content=\"Ayuntamiento de Bara\u00f1ain\/Bara\u00f1aingo Udala\" \/>\r\n<meta property=\"article:modified_time\" content=\"2021-07-12T11:23:34+00:00\" \/>\r\n<meta property=\"og:image\" content=\"https:\/\/www.baranain.es\/wp-content\/uploads\/2021\/07\/CUL-CineVerano2021UdakoZinea-1.png\" \/>\r\n\t<meta property=\"og:image:width\" content=\"720\" \/>\r\n\t<meta property=\"og:image:height\" content=\"341\" \/>\r\n\t<meta property=\"og:image:type\" content=\"image\/png\" \/>\r\n<meta name=\"twitter:card\" content=\"summary_large_image\" \/>\r\n<meta name=\"twitter:label1\" content=\"Est. reading time\" \/>\n\t<meta name=\"twitter:data1\" content=\"1 minute\" \/>\r\n<script type=\"application\/ld+json\" class=\"yoast-schema-graph\">{\"@context\":\"https:\/\/schema.org\",\"@graph\":[{\"@type\":\"WebPage\",\"@id\":\"https:\/\/www.baranain.es\/eu\/eventos\/cultura-las-aventuras-del-doctor-dolittle-2a-pelicula\/\",\"url\":\"https:\/\/www.baranain.es\/eu\/eventos\/cultura-las-aventuras-del-doctor-dolittle-2a-pelicula\/\",\"name\":\"Kultura - \\\"LAS AVENTURAS DEL DOCTOR DOLITTLE\\\" - 2. filma - Ayuntamiento de Bara\u00f1ain\/Bara\u00f1aingo Udala\",\"isPartOf\":{\"@id\":\"https:\/\/www.baranain.es\/eu\/#website\"},\"primaryImageOfPage\":{\"@id\":\"https:\/\/www.baranain.es\/eu\/eventos\/cultura-las-aventuras-del-doctor-dolittle-2a-pelicula\/#primaryimage\"},\"image\":{\"@id\":\"https:\/\/www.baranain.es\/eu\/eventos\/cultura-las-aventuras-del-doctor-dolittle-2a-pelicula\/#primaryimage\"},\"thumbnailUrl\":\"https:\/\/www.baranain.es\/wp-content\/uploads\/2021\/07\/CUL-CineVerano2021UdakoZinea-1.png\",\"datePublished\":\"2021-07-12T11:03:33+00:00\",\"dateModified\":\"2021-07-12T11:23:34+00:00\",\"description\":\"Cine al aire libre en Bara\u00f1\u00e1in 2021\/Aire zabaleko zinema Bara\u00f1ainen 2021\",\"breadcrumb\":{\"@id\":\"https:\/\/www.baranain.es\/eu\/eventos\/cultura-las-aventuras-del-doctor-dolittle-2a-pelicula\/#breadcrumb\"},\"inLanguage\":\"eu-ES\",\"potentialAction\":[{\"@type\":\"ReadAction\",\"target\":[\"https:\/\/www.baranain.es\/eu\/eventos\/cultura-las-aventuras-del-doctor-dolittle-2a-pelicula\/\"]}]},{\"@type\":\"ImageObject\",\"inLanguage\":\"eu-ES\",\"@id\":\"https:\/\/www.baranain.es\/eu\/eventos\/cultura-las-aventuras-del-doctor-dolittle-2a-pelicula\/#primaryimage\",\"url\":\"https:\/\/www.baranain.es\/wp-content\/uploads\/2021\/07\/CUL-CineVerano2021UdakoZinea-1.png\",\"contentUrl\":\"https:\/\/www.baranain.es\/wp-content\/uploads\/2021\/07\/CUL-CineVerano2021UdakoZinea-1.png\",\"width\":720,\"height\":341},{\"@type\":\"BreadcrumbList\",\"@id\":\"https:\/\/www.baranain.es\/eu\/eventos\/cultura-las-aventuras-del-doctor-dolittle-2a-pelicula\/#breadcrumb\",\"itemListElement\":[{\"@type\":\"ListItem\",\"position\":1,\"name\":\"Home\",\"item\":\"https:\/\/www.baranain.es\/eu\/\"},{\"@type\":\"ListItem\",\"position\":2,\"name\":\"Eventos\",\"item\":\"https:\/\/www.baranain.es\/eventos\/\"},{\"@type\":\"ListItem\",\"position\":3,\"name\":\"Kultura &#8211; \u00abLAS AVENTURAS DEL DOCTOR DOLITTLE\u00bb &#8211; 2. filma\"}]},{\"@type\":\"WebSite\",\"@id\":\"https:\/\/www.baranain.es\/eu\/#website\",\"url\":\"https:\/\/www.baranain.es\/eu\/\",\"name\":\"Ayuntamiento de Bara\u00f1ain\/Bara\u00f1aingo Udala\",\"description\":\"Ayuntamiento de Bara\u00f1ain\/Bara\u00f1aingo Udala\",\"potentialAction\":[{\"@type\":\"SearchAction\",\"target\":{\"@type\":\"EntryPoint\",\"urlTemplate\":\"https:\/\/www.baranain.es\/eu\/?s={search_term_string}\"},\"query-input\":\"required name=search_term_string\"}],\"inLanguage\":\"eu-ES\"}]}<\/script>\r\n<!-- \/ Yoast SEO plugin. -->","yoast_head_json":{"title":"Kultura - \"LAS AVENTURAS DEL DOCTOR DOLITTLE\" - 2. filma - Ayuntamiento de Bara\u00f1ain\/Bara\u00f1aingo Udala","description":"Cine al aire libre en Bara\u00f1\u00e1in 2021\/Aire zabaleko zinema Bara\u00f1ainen 2021","robots":{"index":"index","follow":"follow","max-snippet":"max-snippet:-1","max-image-preview":"max-image-preview:large","max-video-preview":"max-video-preview:-1"},"canonical":"https:\/\/www.baranain.es\/eu\/eventos\/cultura-las-aventuras-del-doctor-dolittle-2a-pelicula\/","og_locale":"eu_ES","og_type":"article","og_title":"Kultura - \"LAS AVENTURAS DEL DOCTOR DOLITTLE\" - 2. filma - Ayuntamiento de Bara\u00f1ain\/Bara\u00f1aingo Udala","og_description":"Cine al aire libre en Bara\u00f1\u00e1in 2021\/Aire zabaleko zinema Bara\u00f1ainen 2021","og_url":"https:\/\/www.baranain.es\/eu\/eventos\/cultura-las-aventuras-del-doctor-dolittle-2a-pelicula\/","og_site_name":"Ayuntamiento de Bara\u00f1ain\/Bara\u00f1aingo Udala","article_modified_time":"2021-07-12T11:23:34+00:00","og_image":[{"width":720,"height":341,"url":"https:\/\/www.baranain.es\/wp-content\/uploads\/2021\/07\/CUL-CineVerano2021UdakoZinea-1.png","type":"image\/png"}],"twitter_card":"summary_large_image","twitter_misc":{"Est. reading time":"1 minute"},"schema":{"@context":"https:\/\/schema.org","@graph":[{"@type":"WebPage","@id":"https:\/\/www.baranain.es\/eu\/eventos\/cultura-las-aventuras-del-doctor-dolittle-2a-pelicula\/","url":"https:\/\/www.baranain.es\/eu\/eventos\/cultura-las-aventuras-del-doctor-dolittle-2a-pelicula\/","name":"Kultura - \"LAS AVENTURAS DEL DOCTOR DOLITTLE\" - 2. filma - Ayuntamiento de Bara\u00f1ain\/Bara\u00f1aingo Udala","isPartOf":{"@id":"https:\/\/www.baranain.es\/eu\/#website"},"primaryImageOfPage":{"@id":"https:\/\/www.baranain.es\/eu\/eventos\/cultura-las-aventuras-del-doctor-dolittle-2a-pelicula\/#primaryimage"},"image":{"@id":"https:\/\/www.baranain.es\/eu\/eventos\/cultura-las-aventuras-del-doctor-dolittle-2a-pelicula\/#primaryimage"},"thumbnailUrl":"https:\/\/www.baranain.es\/wp-content\/uploads\/2021\/07\/CUL-CineVerano2021UdakoZinea-1.png","datePublished":"2021-07-12T11:03:33+00:00","dateModified":"2021-07-12T11:23:34+00:00","description":"Cine al aire libre en Bara\u00f1\u00e1in 2021\/Aire zabaleko zinema Bara\u00f1ainen 2021","breadcrumb":{"@id":"https:\/\/www.baranain.es\/eu\/eventos\/cultura-las-aventuras-del-doctor-dolittle-2a-pelicula\/#breadcrumb"},"inLanguage":"eu-ES","potentialAction":[{"@type":"ReadAction","target":["https:\/\/www.baranain.es\/eu\/eventos\/cultura-las-aventuras-del-doctor-dolittle-2a-pelicula\/"]}]},{"@type":"ImageObject","inLanguage":"eu-ES","@id":"https:\/\/www.baranain.es\/eu\/eventos\/cultura-las-aventuras-del-doctor-dolittle-2a-pelicula\/#primaryimage","url":"https:\/\/www.baranain.es\/wp-content\/uploads\/2021\/07\/CUL-CineVerano2021UdakoZinea-1.png","contentUrl":"https:\/\/www.baranain.es\/wp-content\/uploads\/2021\/07\/CUL-CineVerano2021UdakoZinea-1.png","width":720,"height":341},{"@type":"BreadcrumbList","@id":"https:\/\/www.baranain.es\/eu\/eventos\/cultura-las-aventuras-del-doctor-dolittle-2a-pelicula\/#breadcrumb","itemListElement":[{"@type":"ListItem","position":1,"name":"Home","item":"https:\/\/www.baranain.es\/eu\/"},{"@type":"ListItem","position":2,"name":"Eventos","item":"https:\/\/www.baranain.es\/eventos\/"},{"@type":"ListItem","position":3,"name":"Kultura &#8211; \u00abLAS AVENTURAS DEL DOCTOR DOLITTLE\u00bb &#8211; 2. filma"}]},{"@type":"WebSite","@id":"https:\/\/www.baranain.es\/eu\/#website","url":"https:\/\/www.baranain.es\/eu\/","name":"Ayuntamiento de Bara\u00f1ain\/Bara\u00f1aingo Udala","description":"Ayuntamiento de Bara\u00f1ain\/Bara\u00f1aingo Udala","potentialAction":[{"@type":"SearchAction","target":{"@type":"EntryPoint","urlTemplate":"https:\/\/www.baranain.es\/eu\/?s={search_term_string}"},"query-input":"required name=search_term_string"}],"inLanguage":"eu-ES"}]}},"_links":{"self":[{"href":"https:\/\/www.baranain.es\/eu\/wp-json\/wp\/v2\/eventos\/51209"}],"collection":[{"href":"https:\/\/www.baranain.es\/eu\/wp-json\/wp\/v2\/eventos"}],"about":[{"href":"https:\/\/www.baranain.es\/eu\/wp-json\/wp\/v2\/types\/eventos"}],"replies":[{"embeddable":true,"href":"https:\/\/www.baranain.es\/eu\/wp-json\/wp\/v2\/comments?post=51209"}],"wp:featuredmedia":[{"embeddable":true,"href":"https:\/\/www.baranain.es\/eu\/wp-json\/wp\/v2\/media\/51203"}],"wp:attachment":[{"href":"https:\/\/www.baranain.es\/eu\/wp-json\/wp\/v2\/media?parent=51209"}],"curies":[{"name":"wp","href":"https:\/\/api.w.org\/{rel}","templated":true}]}}