{"id":46538,"date":"2019-05-17T13:45:36","date_gmt":"2019-05-17T12:45:36","guid":{"rendered":"http:\/\/localhost:8000\/events\/afrikaren-alde-mugitzen-gara-hitzaldia-saharaz-hegoaldeko-afrikaren-erronkak-ekonomiaren-historiaren-bidezko-analisia\/"},"modified":"2019-05-17T13:45:36","modified_gmt":"2019-05-17T12:45:36","slug":"afrikaren-alde-mugitzen-gara-hitzaldia-saharaz-hegoaldeko-afrikaren-erronkak-ekonomiaren-historiaren-bidezko-analisia","status":"publish","type":"eventos","link":"https:\/\/www.baranain.es\/eu\/eventos\/afrikaren-alde-mugitzen-gara-hitzaldia-saharaz-hegoaldeko-afrikaren-erronkak-ekonomiaren-historiaren-bidezko-analisia\/","title":{"rendered":"AFRIKAREN ALDE MUGITZEN GARA &#8211; Hitzaldia: \u201cSaharaz hegoaldeko Afrikaren erronkak: ekonomiaren historiaren bidezko analisia\u201d"},"content":{"rendered":"<p>&#8220;Afrikaren alde mugitzen gara&#8221; ren ekitaldiekin jarraituko dugu hitzaldi interesgarri batekin:<\/p>\n<p><strong>&#8220;Saharaz hegoaldeko Afrikaren erronkak: ekonomiaren historiaren bidezko analisia&#8221;<\/strong><\/p>\n<p><strong>Hizlaria<\/strong>: Joseba De la Torre Campo, Nafarroako Unibertsitate Publikoan Historiako eta Ekonomia Erakundeetako Katedraduna.<\/p>\n<p><strong>Eguna<\/strong>: Ekainak 4<\/p>\n<p><strong>Ordua<\/strong>: 19:30etan<\/p>\n<p><strong>Lekua<\/strong>: Kultura Etxeko Erakusketa aretoan<\/p>\n<p><img loading=\"lazy\" decoding=\"async\" class=\"aligncenter wp-image-17662 size-full\" src=\"http:\/\/www.baranain.es\/wp-content\/uploads\/2019\/05\/Nos-movemos-x-afrika.png\" alt=\"\" width=\"916\" height=\"649\" srcset=\"https:\/\/www.baranain.es\/wp-content\/uploads\/2019\/05\/Nos-movemos-x-afrika.png 916w, https:\/\/www.baranain.es\/wp-content\/uploads\/2019\/05\/Nos-movemos-x-afrika-300x214.png 300w, https:\/\/www.baranain.es\/wp-content\/uploads\/2019\/05\/Nos-movemos-x-afrika-768x544.png 768w\" sizes=\"(max-width: 916px) 100vw, 916px\" \/><\/p>\n<p>&nbsp;<\/p>\n<p><strong>ANTOLATZAILEAK:<\/strong> Bara\u00f1aingo Udala, Kultura Arloa, Bara\u00f1aingo Liburutegia, Nafarroako Gobernua, Medicus Mundi, Musica Eskola, \u00c1frica\u00a0 Imprescindible-Afrika behar beharrezkoa, Bara\u00f1aingo Gizarte Eskola<\/p>\n","protected":false},"featured_media":46536,"comment_status":"closed","ping_status":"closed","template":"","meta":{"_wpml_word_count":["{\"total\":0,\"to_translate\":{\"eu\":92,\"es\":92}}"],"autor_o":[""],"boton1":[""],"boton1u":[""],"dias":[";04-6-2019;"],"event_date":["1559606400"],"event_date1":["1559606400"],"event_ext":[""],"event_horario":["19:30-21:00"],"event_horario_fin":["21:00"],"event_horario_inicio":["19:30"],"event_l":["Casa de Cultura - Id:10067"],"event_lf":["Casa de Cultura - Id:10067"],"event_location":["KULTUR ETXEKO ERAKUSKETA ARETOA"],"fechas":[""],"importe":[""],"inscripcion":[""],"nota":[""],"ponente":[""],"_wpml_media_featured":["1"],"_wpml_media_duplicate":["1"],"_thumbnail_id":["46536"],"_last_translation_edit_mode":["translation-editor"],"_qt_imported":["from-17668"],"sbg_selected_sidebar":["s:18:\"a:1:{i:0;s:1:\"0\";}\";"],"sbg_selected_sidebar_replacement":["s:17:\"a:1:{i:0;s:0:\"\";}\";"],"sbg_selected_sidebar_2":["s:18:\"a:1:{i:0;s:1:\"0\";}\";"],"sbg_selected_sidebar_2_replacement":["s:17:\"a:1:{i:0;s:0:\"\";}\";"],"_qt_links_fixed":["1"]},"yoast_head":"<!-- This site is optimized with the Yoast SEO plugin v22.3 - https:\/\/yoast.com\/wordpress\/plugins\/seo\/ -->\r\n<title>AFRIKAREN ALDE MUGITZEN GARA - Hitzaldia: \u201cSaharaz hegoaldeko Afrikaren erronkak: ekonomiaren historiaren bidezko analisia\u201d - Ayuntamiento de Bara\u00f1ain\/Bara\u00f1aingo Udala<\/title>\r\n<meta name=\"robots\" content=\"index, follow, max-snippet:-1, max-image-preview:large, max-video-preview:-1\" \/>\r\n<link rel=\"canonical\" href=\"https:\/\/www.baranain.es\/eu\/eventos\/afrikaren-alde-mugitzen-gara-hitzaldia-saharaz-hegoaldeko-afrikaren-erronkak-ekonomiaren-historiaren-bidezko-analisia\/\" \/>\r\n<meta property=\"og:locale\" content=\"eu_ES\" \/>\r\n<meta property=\"og:type\" content=\"article\" \/>\r\n<meta property=\"og:title\" content=\"AFRIKAREN ALDE MUGITZEN GARA - Hitzaldia: \u201cSaharaz hegoaldeko Afrikaren erronkak: ekonomiaren historiaren bidezko analisia\u201d - Ayuntamiento de Bara\u00f1ain\/Bara\u00f1aingo Udala\" \/>\r\n<meta property=\"og:description\" content=\"&#8220;Afrikaren alde mugitzen gara&#8221; ren ekitaldiekin jarraituko dugu hitzaldi interesgarri batekin: &#8220;Saharaz hegoaldeko Afrikaren erronkak: ekonomiaren historiaren bidezko analisia&#8221; Hizlaria: Joseba De la Torre Campo, Nafarroako Unibertsitate Publikoan Historiako eta Ekonomia Erakundeetako Katedraduna. Eguna: Ekainak 4 Ordua: 19:30etan Lekua: Kultura Etxeko Erakusketa aretoan &nbsp; ANTOLATZAILEAK: Bara\u00f1aingo Udala, Kultura Arloa, Bara\u00f1aingo Liburutegia, Nafarroako Gobernua, Medicus Mundi, [&hellip;]\" \/>\r\n<meta property=\"og:url\" content=\"https:\/\/www.baranain.es\/eu\/eventos\/afrikaren-alde-mugitzen-gara-hitzaldia-saharaz-hegoaldeko-afrikaren-erronkak-ekonomiaren-historiaren-bidezko-analisia\/\" \/>\r\n<meta property=\"og:site_name\" content=\"Ayuntamiento de Bara\u00f1ain\/Bara\u00f1aingo Udala\" \/>\r\n<meta property=\"og:image\" content=\"https:\/\/www.baranain.es\/wp-content\/uploads\/2019\/05\/CUL-Agenda-NosMovemos720x340.png\" \/>\r\n\t<meta property=\"og:image:width\" content=\"720\" \/>\r\n\t<meta property=\"og:image:height\" content=\"340\" \/>\r\n\t<meta property=\"og:image:type\" content=\"image\/png\" \/>\r\n<meta name=\"twitter:card\" content=\"summary_large_image\" \/>\r\n<script type=\"application\/ld+json\" class=\"yoast-schema-graph\">{\"@context\":\"https:\/\/schema.org\",\"@graph\":[{\"@type\":\"WebPage\",\"@id\":\"https:\/\/www.baranain.es\/eu\/eventos\/afrikaren-alde-mugitzen-gara-hitzaldia-saharaz-hegoaldeko-afrikaren-erronkak-ekonomiaren-historiaren-bidezko-analisia\/\",\"url\":\"https:\/\/www.baranain.es\/eu\/eventos\/afrikaren-alde-mugitzen-gara-hitzaldia-saharaz-hegoaldeko-afrikaren-erronkak-ekonomiaren-historiaren-bidezko-analisia\/\",\"name\":\"AFRIKAREN ALDE MUGITZEN GARA - Hitzaldia: \u201cSaharaz hegoaldeko Afrikaren erronkak: ekonomiaren historiaren bidezko analisia\u201d - Ayuntamiento de Bara\u00f1ain\/Bara\u00f1aingo Udala\",\"isPartOf\":{\"@id\":\"https:\/\/www.baranain.es\/eu\/#website\"},\"primaryImageOfPage\":{\"@id\":\"https:\/\/www.baranain.es\/eu\/eventos\/afrikaren-alde-mugitzen-gara-hitzaldia-saharaz-hegoaldeko-afrikaren-erronkak-ekonomiaren-historiaren-bidezko-analisia\/#primaryimage\"},\"image\":{\"@id\":\"https:\/\/www.baranain.es\/eu\/eventos\/afrikaren-alde-mugitzen-gara-hitzaldia-saharaz-hegoaldeko-afrikaren-erronkak-ekonomiaren-historiaren-bidezko-analisia\/#primaryimage\"},\"thumbnailUrl\":\"https:\/\/www.baranain.es\/wp-content\/uploads\/2019\/05\/CUL-Agenda-NosMovemos720x340.png\",\"datePublished\":\"2019-05-17T12:45:36+00:00\",\"dateModified\":\"2019-05-17T12:45:36+00:00\",\"breadcrumb\":{\"@id\":\"https:\/\/www.baranain.es\/eu\/eventos\/afrikaren-alde-mugitzen-gara-hitzaldia-saharaz-hegoaldeko-afrikaren-erronkak-ekonomiaren-historiaren-bidezko-analisia\/#breadcrumb\"},\"inLanguage\":\"eu-ES\",\"potentialAction\":[{\"@type\":\"ReadAction\",\"target\":[\"https:\/\/www.baranain.es\/eu\/eventos\/afrikaren-alde-mugitzen-gara-hitzaldia-saharaz-hegoaldeko-afrikaren-erronkak-ekonomiaren-historiaren-bidezko-analisia\/\"]}]},{\"@type\":\"ImageObject\",\"inLanguage\":\"eu-ES\",\"@id\":\"https:\/\/www.baranain.es\/eu\/eventos\/afrikaren-alde-mugitzen-gara-hitzaldia-saharaz-hegoaldeko-afrikaren-erronkak-ekonomiaren-historiaren-bidezko-analisia\/#primaryimage\",\"url\":\"https:\/\/www.baranain.es\/wp-content\/uploads\/2019\/05\/CUL-Agenda-NosMovemos720x340.png\",\"contentUrl\":\"https:\/\/www.baranain.es\/wp-content\/uploads\/2019\/05\/CUL-Agenda-NosMovemos720x340.png\",\"width\":720,\"height\":340},{\"@type\":\"BreadcrumbList\",\"@id\":\"https:\/\/www.baranain.es\/eu\/eventos\/afrikaren-alde-mugitzen-gara-hitzaldia-saharaz-hegoaldeko-afrikaren-erronkak-ekonomiaren-historiaren-bidezko-analisia\/#breadcrumb\",\"itemListElement\":[{\"@type\":\"ListItem\",\"position\":1,\"name\":\"Home\",\"item\":\"https:\/\/www.baranain.es\/eu\/\"},{\"@type\":\"ListItem\",\"position\":2,\"name\":\"Eventos\",\"item\":\"https:\/\/www.baranain.es\/eventos\/\"},{\"@type\":\"ListItem\",\"position\":3,\"name\":\"AFRIKAREN ALDE MUGITZEN GARA &#8211; Hitzaldia: \u201cSaharaz hegoaldeko Afrikaren erronkak: ekonomiaren historiaren bidezko analisia\u201d\"}]},{\"@type\":\"WebSite\",\"@id\":\"https:\/\/www.baranain.es\/eu\/#website\",\"url\":\"https:\/\/www.baranain.es\/eu\/\",\"name\":\"Ayuntamiento de Bara\u00f1ain\/Bara\u00f1aingo Udala\",\"description\":\"Ayuntamiento de Bara\u00f1ain\/Bara\u00f1aingo Udala\",\"potentialAction\":[{\"@type\":\"SearchAction\",\"target\":{\"@type\":\"EntryPoint\",\"urlTemplate\":\"https:\/\/www.baranain.es\/eu\/?s={search_term_string}\"},\"query-input\":\"required name=search_term_string\"}],\"inLanguage\":\"eu-ES\"}]}<\/script>\r\n<!-- \/ Yoast SEO plugin. -->","yoast_head_json":{"title":"AFRIKAREN ALDE MUGITZEN GARA - Hitzaldia: \u201cSaharaz hegoaldeko Afrikaren erronkak: ekonomiaren historiaren bidezko analisia\u201d - Ayuntamiento de Bara\u00f1ain\/Bara\u00f1aingo Udala","robots":{"index":"index","follow":"follow","max-snippet":"max-snippet:-1","max-image-preview":"max-image-preview:large","max-video-preview":"max-video-preview:-1"},"canonical":"https:\/\/www.baranain.es\/eu\/eventos\/afrikaren-alde-mugitzen-gara-hitzaldia-saharaz-hegoaldeko-afrikaren-erronkak-ekonomiaren-historiaren-bidezko-analisia\/","og_locale":"eu_ES","og_type":"article","og_title":"AFRIKAREN ALDE MUGITZEN GARA - Hitzaldia: \u201cSaharaz hegoaldeko Afrikaren erronkak: ekonomiaren historiaren bidezko analisia\u201d - Ayuntamiento de Bara\u00f1ain\/Bara\u00f1aingo Udala","og_description":"&#8220;Afrikaren alde mugitzen gara&#8221; ren ekitaldiekin jarraituko dugu hitzaldi interesgarri batekin: &#8220;Saharaz hegoaldeko Afrikaren erronkak: ekonomiaren historiaren bidezko analisia&#8221; Hizlaria: Joseba De la Torre Campo, Nafarroako Unibertsitate Publikoan Historiako eta Ekonomia Erakundeetako Katedraduna. Eguna: Ekainak 4 Ordua: 19:30etan Lekua: Kultura Etxeko Erakusketa aretoan &nbsp; ANTOLATZAILEAK: Bara\u00f1aingo Udala, Kultura Arloa, Bara\u00f1aingo Liburutegia, Nafarroako Gobernua, Medicus Mundi, [&hellip;]","og_url":"https:\/\/www.baranain.es\/eu\/eventos\/afrikaren-alde-mugitzen-gara-hitzaldia-saharaz-hegoaldeko-afrikaren-erronkak-ekonomiaren-historiaren-bidezko-analisia\/","og_site_name":"Ayuntamiento de Bara\u00f1ain\/Bara\u00f1aingo Udala","og_image":[{"width":720,"height":340,"url":"https:\/\/www.baranain.es\/wp-content\/uploads\/2019\/05\/CUL-Agenda-NosMovemos720x340.png","type":"image\/png"}],"twitter_card":"summary_large_image","schema":{"@context":"https:\/\/schema.org","@graph":[{"@type":"WebPage","@id":"https:\/\/www.baranain.es\/eu\/eventos\/afrikaren-alde-mugitzen-gara-hitzaldia-saharaz-hegoaldeko-afrikaren-erronkak-ekonomiaren-historiaren-bidezko-analisia\/","url":"https:\/\/www.baranain.es\/eu\/eventos\/afrikaren-alde-mugitzen-gara-hitzaldia-saharaz-hegoaldeko-afrikaren-erronkak-ekonomiaren-historiaren-bidezko-analisia\/","name":"AFRIKAREN ALDE MUGITZEN GARA - Hitzaldia: \u201cSaharaz hegoaldeko Afrikaren erronkak: ekonomiaren historiaren bidezko analisia\u201d - Ayuntamiento de Bara\u00f1ain\/Bara\u00f1aingo Udala","isPartOf":{"@id":"https:\/\/www.baranain.es\/eu\/#website"},"primaryImageOfPage":{"@id":"https:\/\/www.baranain.es\/eu\/eventos\/afrikaren-alde-mugitzen-gara-hitzaldia-saharaz-hegoaldeko-afrikaren-erronkak-ekonomiaren-historiaren-bidezko-analisia\/#primaryimage"},"image":{"@id":"https:\/\/www.baranain.es\/eu\/eventos\/afrikaren-alde-mugitzen-gara-hitzaldia-saharaz-hegoaldeko-afrikaren-erronkak-ekonomiaren-historiaren-bidezko-analisia\/#primaryimage"},"thumbnailUrl":"https:\/\/www.baranain.es\/wp-content\/uploads\/2019\/05\/CUL-Agenda-NosMovemos720x340.png","datePublished":"2019-05-17T12:45:36+00:00","dateModified":"2019-05-17T12:45:36+00:00","breadcrumb":{"@id":"https:\/\/www.baranain.es\/eu\/eventos\/afrikaren-alde-mugitzen-gara-hitzaldia-saharaz-hegoaldeko-afrikaren-erronkak-ekonomiaren-historiaren-bidezko-analisia\/#breadcrumb"},"inLanguage":"eu-ES","potentialAction":[{"@type":"ReadAction","target":["https:\/\/www.baranain.es\/eu\/eventos\/afrikaren-alde-mugitzen-gara-hitzaldia-saharaz-hegoaldeko-afrikaren-erronkak-ekonomiaren-historiaren-bidezko-analisia\/"]}]},{"@type":"ImageObject","inLanguage":"eu-ES","@id":"https:\/\/www.baranain.es\/eu\/eventos\/afrikaren-alde-mugitzen-gara-hitzaldia-saharaz-hegoaldeko-afrikaren-erronkak-ekonomiaren-historiaren-bidezko-analisia\/#primaryimage","url":"https:\/\/www.baranain.es\/wp-content\/uploads\/2019\/05\/CUL-Agenda-NosMovemos720x340.png","contentUrl":"https:\/\/www.baranain.es\/wp-content\/uploads\/2019\/05\/CUL-Agenda-NosMovemos720x340.png","width":720,"height":340},{"@type":"BreadcrumbList","@id":"https:\/\/www.baranain.es\/eu\/eventos\/afrikaren-alde-mugitzen-gara-hitzaldia-saharaz-hegoaldeko-afrikaren-erronkak-ekonomiaren-historiaren-bidezko-analisia\/#breadcrumb","itemListElement":[{"@type":"ListItem","position":1,"name":"Home","item":"https:\/\/www.baranain.es\/eu\/"},{"@type":"ListItem","position":2,"name":"Eventos","item":"https:\/\/www.baranain.es\/eventos\/"},{"@type":"ListItem","position":3,"name":"AFRIKAREN ALDE MUGITZEN GARA &#8211; Hitzaldia: \u201cSaharaz hegoaldeko Afrikaren erronkak: ekonomiaren historiaren bidezko analisia\u201d"}]},{"@type":"WebSite","@id":"https:\/\/www.baranain.es\/eu\/#website","url":"https:\/\/www.baranain.es\/eu\/","name":"Ayuntamiento de Bara\u00f1ain\/Bara\u00f1aingo Udala","description":"Ayuntamiento de Bara\u00f1ain\/Bara\u00f1aingo Udala","potentialAction":[{"@type":"SearchAction","target":{"@type":"EntryPoint","urlTemplate":"https:\/\/www.baranain.es\/eu\/?s={search_term_string}"},"query-input":"required name=search_term_string"}],"inLanguage":"eu-ES"}]}},"_links":{"self":[{"href":"https:\/\/www.baranain.es\/eu\/wp-json\/wp\/v2\/eventos\/46538"}],"collection":[{"href":"https:\/\/www.baranain.es\/eu\/wp-json\/wp\/v2\/eventos"}],"about":[{"href":"https:\/\/www.baranain.es\/eu\/wp-json\/wp\/v2\/types\/eventos"}],"replies":[{"embeddable":true,"href":"https:\/\/www.baranain.es\/eu\/wp-json\/wp\/v2\/comments?post=46538"}],"wp:featuredmedia":[{"embeddable":true,"href":"https:\/\/www.baranain.es\/eu\/wp-json\/wp\/v2\/media\/46536"}],"wp:attachment":[{"href":"https:\/\/www.baranain.es\/eu\/wp-json\/wp\/v2\/media?parent=46538"}],"curies":[{"name":"wp","href":"https:\/\/api.w.org\/{rel}","templated":true}]}}